{"id":6088,"date":"2018-04-02T08:39:55","date_gmt":"2018-04-02T08:39:55","guid":{"rendered":"http:\/\/benheine.com\/?page_id=6088"},"modified":"2026-03-26T05:23:20","modified_gmt":"2026-03-26T05:23:20","slug":"pencil-vs-camera-a-lecole","status":"publish","type":"page","link":"https:\/\/benheine.com\/fr\/pencil-vs-camera-a-lecole\/","title":{"rendered":"Pencil Vs Camera \u00e0 l&rsquo;\u00e9cole"},"content":{"rendered":"\t\t<div data-elementor-type=\"wp-page\" data-elementor-id=\"6088\" class=\"elementor elementor-6088\">\n\t\t\t\t\t\t<section class=\"elementor-section elementor-top-section elementor-element elementor-element-7aec49f elementor-section-boxed elementor-section-height-default elementor-section-height-default\" data-id=\"7aec49f\" data-element_type=\"section\">\n\t\t\t\t\t\t<div class=\"elementor-container elementor-column-gap-default\">\n\t\t\t\t\t<div class=\"elementor-column elementor-col-100 elementor-top-column elementor-element elementor-element-4d19ed0\" data-id=\"4d19ed0\" data-element_type=\"column\">\n\t\t\t<div class=\"elementor-widget-wrap elementor-element-populated\">\n\t\t\t\t\t\t<div class=\"elementor-element elementor-element-b073710 elementor-widget elementor-widget-heading\" data-id=\"b073710\" data-element_type=\"widget\" data-widget_type=\"heading.default\">\n\t\t\t\t<div class=\"elementor-widget-container\">\n\t\t\t\t\t<h1 class=\"elementor-heading-title elementor-size-default\">Pencil Vs Camera \u00e0 l'\u00e9cole<\/h1>\t\t\t\t<\/div>\n\t\t\t\t<\/div>\n\t\t\t\t\t<\/div>\n\t\t<\/div>\n\t\t\t\t\t<\/div>\n\t\t<\/section>\n\t\t\t\t<section class=\"elementor-section elementor-top-section elementor-element elementor-element-aed659c elementor-section-boxed elementor-section-height-default elementor-section-height-default\" data-id=\"aed659c\" data-element_type=\"section\">\n\t\t\t\t\t\t<div class=\"elementor-container elementor-column-gap-default\">\n\t\t\t\t\t<div class=\"elementor-column elementor-col-100 elementor-top-column elementor-element elementor-element-c95de84\" data-id=\"c95de84\" data-element_type=\"column\">\n\t\t\t<div class=\"elementor-widget-wrap elementor-element-populated\">\n\t\t\t\t\t\t<section class=\"elementor-section elementor-inner-section elementor-element elementor-element-d10462c elementor-section-boxed elementor-section-height-default elementor-section-height-default\" data-id=\"d10462c\" data-element_type=\"section\">\n\t\t\t\t\t\t<div class=\"elementor-container elementor-column-gap-default\">\n\t\t\t\t\t<div class=\"elementor-column elementor-col-50 elementor-inner-column elementor-element elementor-element-7ced4ad\" data-id=\"7ced4ad\" data-element_type=\"column\">\n\t\t\t<div class=\"elementor-widget-wrap\">\n\t\t\t\t\t\t\t<\/div>\n\t\t<\/div>\n\t\t\t\t<div class=\"elementor-column elementor-col-50 elementor-inner-column elementor-element elementor-element-75da418\" data-id=\"75da418\" data-element_type=\"column\">\n\t\t\t<div class=\"elementor-widget-wrap\">\n\t\t\t\t\t\t\t<\/div>\n\t\t<\/div>\n\t\t\t\t\t<\/div>\n\t\t<\/section>\n\t\t\t\t<div class=\"elementor-element elementor-element-1290bb6 elementor-invisible elementor-widget elementor-widget-text-editor\" data-id=\"1290bb6\" data-element_type=\"widget\" data-settings=\"{&quot;_animation&quot;:&quot;fadeInUp&quot;}\" data-widget_type=\"text-editor.default\">\n\t\t\t\t<div class=\"elementor-widget-container\">\n\t\t\t\t\t\t\t\t\t<p>Cette page sert d\u2019inspiration aux professeurs et aux \u00e9coles. Ben Heine propose des ressources p\u00e9dagogiques gratuites et\u00a0<a href=\"https:\/\/benheine.com\/product\/didacticiel-pencil-vs-camera-en-francais\/\" target=\"_blank\" rel=\"noopener\">payantes<\/a>\u00a0disponibles pour <a href=\"https:\/\/theartyteacher.com\/ben-heine-pencil-vs-camera\/\">les enseignants<\/a> et\u00a0<a href=\"http:\/\/monecole.fr\/disciplines\/art-visuel\/art-visuel-photo-complter\" target=\"_blank\" rel=\"noopener\">les \u00e9tudiants<\/a>. Depuis 2013, Ben Heine anime \u00e9galement de nombreux\u00a0<a href=\"https:\/\/www.facebook.com\/search\/posts\/?q=school%20ben%20heine\" target=\"_blank\" rel=\"noopener\">ateliers cr\u00e9atifs<\/a>\u00a0dans les \u00e9coles dans plusieurs pays pour aider les \u00e9tudiants \u00e0 stimuler leur cr\u00e9ativit\u00e9, \u00e0 perfectionner leurs comp\u00e9tences en dessin et en photographie, \u00e0 les inciter \u00e0 explorer des technologies innovantes telles que la r\u00e9alit\u00e9 augment\u00e9e et \u00e0 les motiver \u00e0 utiliser diff\u00e9rentes formes de communication. Son concept Pencil Vs Camera est devenu populaire dans les \u00e9tablissements primaires et secondaires (voir les\u00a0<a href=\"https:\/\/www.facebook.com\/media\/set\/?set=a.10153528286933616&amp;type=3\" target=\"_blank\" rel=\"noopener\">travaux de certains \u00e9l\u00e8ves ici<\/a>).\u00a0 Si vous souhaitez que Ben r\u00e9alise des ateliers ou conf\u00e9rences dans votre \u00e9tablissement, n&rsquo;h\u00e9sitez pas\u00a0<span style=\"text-align: left;\">\u00e0 nous contacter.<\/span><\/p>\t\t\t\t\t\t\t\t<\/div>\n\t\t\t\t<\/div>\n\t\t\t\t<div class=\"elementor-element elementor-element-3a8dd56 elementor-invisible elementor-widget elementor-widget-heading\" data-id=\"3a8dd56\" data-element_type=\"widget\" data-settings=\"{&quot;_animation&quot;:&quot;fadeInUp&quot;}\" data-widget_type=\"heading.default\">\n\t\t\t\t<div class=\"elementor-widget-container\">\n\t\t\t\t\t<h2 class=\"elementor-heading-title elementor-size-default\">ACHETER LE DIDACTICIEL DE BEN HEINE<\/h2>\t\t\t\t<\/div>\n\t\t\t\t<\/div>\n\t\t\t\t<section class=\"elementor-section elementor-inner-section elementor-element elementor-element-a155ed0 elementor-section-boxed elementor-section-height-default elementor-section-height-default\" data-id=\"a155ed0\" data-element_type=\"section\" data-settings=\"{&quot;background_background&quot;:&quot;gradient&quot;}\">\n\t\t\t\t\t\t<div class=\"elementor-container elementor-column-gap-custom\">\n\t\t\t\t\t<div class=\"elementor-column elementor-col-33 elementor-inner-column elementor-element elementor-element-50207d2\" data-id=\"50207d2\" data-element_type=\"column\" data-settings=\"{&quot;background_background&quot;:&quot;classic&quot;}\">\n\t\t\t<div class=\"elementor-widget-wrap elementor-element-populated\">\n\t\t\t\t\t\t<div class=\"elementor-element elementor-element-c8e31ac elementor-widget__width-inherit elementor-invisible elementor-widget elementor-widget-image\" data-id=\"c8e31ac\" data-element_type=\"widget\" data-settings=\"{&quot;_animation&quot;:&quot;fadeInUp&quot;}\" data-widget_type=\"image.default\">\n\t\t\t\t<div class=\"elementor-widget-container\">\n\t\t\t\t\t\t\t\t\t\t\t\t\t\t\t\t<a href=\"https:\/\/fixthephoto.com\/benheine\/dispersion-effect-psa\">\n\t\t\t\t\t\t\t<img fetchpriority=\"high\" decoding=\"async\" width=\"1000\" height=\"565\" src=\"https:\/\/benheine.com\/wp-content\/uploads\/2024\/04\/Harnessing-Creativity-in-Education-The-Power-of-Ben-Heine-Pencil-Vs-Camera-Concept-in-Schools-Art-Workshops-Lesson-plan-4-e1713319205817.jpeg\" class=\"attachment-full size-full wp-image-30813\" alt=\"Harnessing Creativity in Education The Power of Ben Heine Pencil Vs Camera Concept in Schools - Art Workshops - Lesson plan 4\" srcset=\"https:\/\/benheine.com\/wp-content\/uploads\/2024\/04\/Harnessing-Creativity-in-Education-The-Power-of-Ben-Heine-Pencil-Vs-Camera-Concept-in-Schools-Art-Workshops-Lesson-plan-4-e1713319205817.jpeg 1000w, https:\/\/benheine.com\/wp-content\/uploads\/2024\/04\/Harnessing-Creativity-in-Education-The-Power-of-Ben-Heine-Pencil-Vs-Camera-Concept-in-Schools-Art-Workshops-Lesson-plan-4-e1713319205817-300x170.jpeg 300w, https:\/\/benheine.com\/wp-content\/uploads\/2024\/04\/Harnessing-Creativity-in-Education-The-Power-of-Ben-Heine-Pencil-Vs-Camera-Concept-in-Schools-Art-Workshops-Lesson-plan-4-e1713319205817-768x434.jpeg 768w, https:\/\/benheine.com\/wp-content\/uploads\/2024\/04\/Harnessing-Creativity-in-Education-The-Power-of-Ben-Heine-Pencil-Vs-Camera-Concept-in-Schools-Art-Workshops-Lesson-plan-4-e1713319205817-600x339.jpeg 600w\" sizes=\"(max-width: 1000px) 100vw, 1000px\" \/>\t\t\t\t\t\t\t\t<\/a>\n\t\t\t\t\t\t\t\t\t\t\t\t\t\t\t<\/div>\n\t\t\t\t<\/div>\n\t\t\t\t<div class=\"elementor-element elementor-element-3204e58 elementor-widget elementor-widget-image\" data-id=\"3204e58\" data-element_type=\"widget\" data-widget_type=\"image.default\">\n\t\t\t\t<div class=\"elementor-widget-container\">\n\t\t\t\t\t\t\t\t\t\t\t\t\t\t\t\t<a href=\"https:\/\/benheine.com\/product\/didacticiel-pencil-vs-camera-en-francais\/\">\n\t\t\t\t\t\t\t<img decoding=\"async\" width=\"495\" height=\"732\" src=\"https:\/\/benheine.com\/wp-content\/uploads\/2024\/02\/Ateliers-Dessin-Photo-Realite-Augmentee-Pencil-Vs-Camera-Ben-Heine-2.jpg\" class=\"attachment-full size-full wp-image-28049\" alt=\"Ateliers Creativite -Dessin - Photo - Realite Augmentee - Pencil Vs Camera - Ben Heine 2\" srcset=\"https:\/\/benheine.com\/wp-content\/uploads\/2024\/02\/Ateliers-Dessin-Photo-Realite-Augmentee-Pencil-Vs-Camera-Ben-Heine-2.jpg 495w, https:\/\/benheine.com\/wp-content\/uploads\/2024\/02\/Ateliers-Dessin-Photo-Realite-Augmentee-Pencil-Vs-Camera-Ben-Heine-2-203x300.jpg 203w\" sizes=\"(max-width: 495px) 100vw, 495px\" \/>\t\t\t\t\t\t\t\t<\/a>\n\t\t\t\t\t\t\t\t\t\t\t\t\t\t\t<\/div>\n\t\t\t\t<\/div>\n\t\t\t\t\t<\/div>\n\t\t<\/div>\n\t\t\t\t<div class=\"elementor-column elementor-col-33 elementor-inner-column elementor-element elementor-element-8e39cdd pencil-camera-clm-2\" data-id=\"8e39cdd\" data-element_type=\"column\" data-settings=\"{&quot;background_background&quot;:&quot;classic&quot;}\">\n\t\t\t<div class=\"elementor-widget-wrap elementor-element-populated\">\n\t\t\t\t\t\t<div class=\"elementor-element elementor-element-9ef5be4 elementor-widget elementor-widget-image\" data-id=\"9ef5be4\" data-element_type=\"widget\" data-widget_type=\"image.default\">\n\t\t\t\t<div class=\"elementor-widget-container\">\n\t\t\t\t\t\t\t\t\t\t\t\t\t\t\t\t<a href=\"https:\/\/benheine.com\/product\/didacticiel-pencil-vs-camera-en-francais\/\">\n\t\t\t\t\t\t\t<img decoding=\"async\" width=\"1123\" height=\"794\" src=\"https:\/\/benheine.com\/wp-content\/uploads\/2024\/02\/Didacticiel-Pencil-Vs-Camera-pour-les-ecoles-et-professeurs-Ben-Heine-1.jpg\" class=\"attachment-full size-full wp-image-28046\" alt=\"Cours Officiel Pencil Vs Camera\" srcset=\"https:\/\/benheine.com\/wp-content\/uploads\/2024\/02\/Didacticiel-Pencil-Vs-Camera-pour-les-ecoles-et-professeurs-Ben-Heine-1.jpg 1123w, https:\/\/benheine.com\/wp-content\/uploads\/2024\/02\/Didacticiel-Pencil-Vs-Camera-pour-les-ecoles-et-professeurs-Ben-Heine-1-300x212.jpg 300w, https:\/\/benheine.com\/wp-content\/uploads\/2024\/02\/Didacticiel-Pencil-Vs-Camera-pour-les-ecoles-et-professeurs-Ben-Heine-1-1024x724.jpg 1024w, https:\/\/benheine.com\/wp-content\/uploads\/2024\/02\/Didacticiel-Pencil-Vs-Camera-pour-les-ecoles-et-professeurs-Ben-Heine-1-768x543.jpg 768w, https:\/\/benheine.com\/wp-content\/uploads\/2024\/02\/Didacticiel-Pencil-Vs-Camera-pour-les-ecoles-et-professeurs-Ben-Heine-1-600x424.jpg 600w\" sizes=\"(max-width: 1123px) 100vw, 1123px\" \/>\t\t\t\t\t\t\t\t<\/a>\n\t\t\t\t\t\t\t\t\t\t\t\t\t\t\t<\/div>\n\t\t\t\t<\/div>\n\t\t\t\t<div class=\"elementor-element elementor-element-be49d75 elementor-widget elementor-widget-heading\" data-id=\"be49d75\" data-element_type=\"widget\" data-widget_type=\"heading.default\">\n\t\t\t\t<div class=\"elementor-widget-container\">\n\t\t\t\t\t<h2 class=\"elementor-heading-title elementor-size-default\"><a href=\"https:\/\/benheine.com\/product\/didacticiel-pencil-vs-camera-en-francais\/\" target=\"_blank\">Didacticiel<\/a><\/h2>\t\t\t\t<\/div>\n\t\t\t\t<\/div>\n\t\t\t\t<div class=\"elementor-element elementor-element-94d9bd6 elementor-widget elementor-widget-text-editor\" data-id=\"94d9bd6\" data-element_type=\"widget\" data-widget_type=\"text-editor.default\">\n\t\t\t\t<div class=\"elementor-widget-container\">\n\t\t\t\t\t\t\t\t\t<p>Achetez le\u00a0<a href=\"https:\/\/benheine.com\/product\/didacticiel-pencil-vs-camera-en-francais\/\" target=\"_blank\" rel=\"noopener\">didacticiel officiel Pencil Vs Camera<\/a>\u00a0<span style=\"font-size: inherit; text-align: inherit;\">ce programme propose une immersion compl\u00e8te pour permettre \u00e0 vos \u00e9l\u00e8ves de ma\u00eetriser le concept Pencil Vs Camera de A \u00e0 Z. Il combine des bases solides en dessin et en photographie avec une approche contemporaine.\u00a0<\/span><\/p><p><span style=\"font-size: inherit; text-align: inherit;\">Les \u00e9l\u00e8ves apprennent \u00e0 concevoir, planifier et ex\u00e9cuter des \u0153uvres hybrides en d\u00e9veloppant leur sens de l\u2019observation et leur cr\u00e9ativit\u00e9 visuelle. Le contenu inclut des rappels th\u00e9oriques sur la composition, la perspective, la lumi\u00e8re et la prise de vue.<\/span><\/p><div class=\"flex flex-col text-sm pb-25\"><section class=\"text-token-text-primary w-full focus:outline-none [--shadow-height:45px] has-data-writing-block:pointer-events-none has-data-writing-block:-mt-(--shadow-height) has-data-writing-block:pt-(--shadow-height) [&amp;:has([data-writing-block])&gt;*]:pointer-events-auto scroll-mt-[calc(var(--header-height)+min(200px,max(70px,20svh)))]\" dir=\"auto\" data-turn-id=\"request-WEB:0e50a964-ddb9-410e-8a49-d4a5c00a14fb-0\" data-testid=\"conversation-turn-2\" data-scroll-anchor=\"true\" data-turn=\"assistant\"><div class=\"text-base my-auto mx-auto pb-10 [--thread-content-margin:var(--thread-content-margin-xs,calc(var(--spacing)*4))] @w-sm\/main:[--thread-content-margin:var(--thread-content-margin-sm,calc(var(--spacing)*6))] @w-lg\/main:[--thread-content-margin:var(--thread-content-margin-lg,calc(var(--spacing)*16))] px-(--thread-content-margin)\"><div class=\"[--thread-content-max-width:40rem] @w-lg\/main:[--thread-content-max-width:48rem] mx-auto max-w-(--thread-content-max-width) flex-1 group\/turn-messages focus-visible:outline-hidden relative flex w-full min-w-0 flex-col agent-turn\"><div class=\"flex max-w-full flex-col gap-4 grow\"><div class=\"min-h-8 text-message relative flex w-full flex-col items-end gap-2 text-start break-words whitespace-normal outline-none keyboard-focused:focus-ring [.text-message+&amp;]:mt-1\" dir=\"auto\" tabindex=\"0\" data-message-author-role=\"assistant\" data-message-id=\"835fd476-f777-4541-82c6-67b299a8e9cf\" data-message-model-slug=\"gpt-5-3\" data-turn-start-message=\"true\"><div class=\"flex w-full flex-col gap-1 empty:hidden\"><div class=\"markdown prose dark:prose-invert w-full wrap-break-word light markdown-new-styling\"><p data-start=\"635\" data-end=\"907\">Le didacticiel s\u2019\u00e9tend sur 25 pages pour 20 heures d\u2019ateliers pratiques. Chaque module contient des exercices, des d\u00e9fis cr\u00e9atifs et des jeux p\u00e9dagogiques pour stimuler l\u2019imagination et favoriser l\u2019apprentissage actif.<\/p><\/div><\/div><\/div><\/div><\/div><\/div><\/section><\/div>\t\t\t\t\t\t\t\t<\/div>\n\t\t\t\t<\/div>\n\t\t\t\t\t<\/div>\n\t\t<\/div>\n\t\t\t\t<div class=\"elementor-column elementor-col-33 elementor-inner-column elementor-element elementor-element-0935b64\" data-id=\"0935b64\" data-element_type=\"column\" data-settings=\"{&quot;background_background&quot;:&quot;classic&quot;}\">\n\t\t\t<div class=\"elementor-widget-wrap elementor-element-populated\">\n\t\t\t\t\t\t<div class=\"elementor-element elementor-element-814a107 elementor-widget__width-inherit elementor-invisible elementor-widget elementor-widget-image\" data-id=\"814a107\" data-element_type=\"widget\" data-settings=\"{&quot;_animation&quot;:&quot;fadeInUp&quot;}\" data-widget_type=\"image.default\">\n\t\t\t\t<div class=\"elementor-widget-container\">\n\t\t\t\t\t\t\t\t\t\t\t\t\t\t\t\t<a href=\"https:\/\/fixthephoto.com\/benheine\/dispersion-effect-psa\">\n\t\t\t\t\t\t\t<img loading=\"lazy\" decoding=\"async\" width=\"924\" height=\"522\" src=\"https:\/\/benheine.com\/wp-content\/uploads\/2024\/04\/Harnessing-Creativity-in-Education-The-Power-of-Ben-Heines-Pencil-Vs-Camera-Concept-in-Schools-2-e1713319155138.jpg\" class=\"attachment-full size-full wp-image-30814\" alt=\"Pencil-Vs-Camera -schools-Art Workshops 5\" srcset=\"https:\/\/benheine.com\/wp-content\/uploads\/2024\/04\/Harnessing-Creativity-in-Education-The-Power-of-Ben-Heines-Pencil-Vs-Camera-Concept-in-Schools-2-e1713319155138.jpg 924w, https:\/\/benheine.com\/wp-content\/uploads\/2024\/04\/Harnessing-Creativity-in-Education-The-Power-of-Ben-Heines-Pencil-Vs-Camera-Concept-in-Schools-2-e1713319155138-300x169.jpg 300w, https:\/\/benheine.com\/wp-content\/uploads\/2024\/04\/Harnessing-Creativity-in-Education-The-Power-of-Ben-Heines-Pencil-Vs-Camera-Concept-in-Schools-2-e1713319155138-768x434.jpg 768w, https:\/\/benheine.com\/wp-content\/uploads\/2024\/04\/Harnessing-Creativity-in-Education-The-Power-of-Ben-Heines-Pencil-Vs-Camera-Concept-in-Schools-2-e1713319155138-600x339.jpg 600w\" sizes=\"(max-width: 924px) 100vw, 924px\" \/>\t\t\t\t\t\t\t\t<\/a>\n\t\t\t\t\t\t\t\t\t\t\t\t\t\t\t<\/div>\n\t\t\t\t<\/div>\n\t\t\t\t<div class=\"elementor-element elementor-element-e6a2c8f elementor-widget elementor-widget-image\" data-id=\"e6a2c8f\" data-element_type=\"widget\" data-widget_type=\"image.default\">\n\t\t\t\t<div class=\"elementor-widget-container\">\n\t\t\t\t\t\t\t\t\t\t\t\t\t\t\t\t<a href=\"https:\/\/benheine.com\/product\/didacticiel-pencil-vs-camera-en-francais\/\">\n\t\t\t\t\t\t\t<img loading=\"lazy\" decoding=\"async\" width=\"495\" height=\"732\" src=\"https:\/\/benheine.com\/wp-content\/uploads\/2024\/02\/Ateliers-Dessin-Photo-Realite-Augmentee-Pencil-Vs-Camera-Ben-Heine.jpg\" class=\"attachment-full size-full wp-image-28048\" alt=\"Ateliers Creativite -Dessin - Photo - Realite Augmentee - Pencil Vs Camera - Ben Heine 2\" srcset=\"https:\/\/benheine.com\/wp-content\/uploads\/2024\/02\/Ateliers-Dessin-Photo-Realite-Augmentee-Pencil-Vs-Camera-Ben-Heine.jpg 495w, https:\/\/benheine.com\/wp-content\/uploads\/2024\/02\/Ateliers-Dessin-Photo-Realite-Augmentee-Pencil-Vs-Camera-Ben-Heine-203x300.jpg 203w\" sizes=\"(max-width: 495px) 100vw, 495px\" \/>\t\t\t\t\t\t\t\t<\/a>\n\t\t\t\t\t\t\t\t\t\t\t\t\t\t\t<\/div>\n\t\t\t\t<\/div>\n\t\t\t\t\t<\/div>\n\t\t<\/div>\n\t\t\t\t\t<\/div>\n\t\t<\/section>\n\t\t\t\t<div class=\"elementor-element elementor-element-8c88bca elementor-align-center elementor-widget elementor-widget-button\" data-id=\"8c88bca\" data-element_type=\"widget\" data-widget_type=\"button.default\">\n\t\t\t\t<div class=\"elementor-widget-container\">\n\t\t\t\t\t\t\t\t\t<div class=\"elementor-button-wrapper\">\n\t\t\t\t\t<a class=\"elementor-button elementor-button-link elementor-size-sm\" href=\"https:\/\/benheine.com\/product\/didacticiel-pencil-vs-camera-en-francais\/\" target=\"_blank\">\n\t\t\t\t\t\t<span class=\"elementor-button-content-wrapper\">\n\t\t\t\t\t\t\t\t\t<span class=\"elementor-button-text\">Acheter le Didacticiel<\/span>\n\t\t\t\t\t<\/span>\n\t\t\t\t\t<\/a>\n\t\t\t\t<\/div>\n\t\t\t\t\t\t\t\t<\/div>\n\t\t\t\t<\/div>\n\t\t\t\t<div class=\"elementor-element elementor-element-fd184f6 elementor-widget elementor-widget-video\" data-id=\"fd184f6\" data-element_type=\"widget\" data-settings=\"{&quot;youtube_url&quot;:&quot;https:\\\/\\\/youtu.be\\\/adlmuoXQbnA?si=PncppMSNYN8Lr2bK&quot;,&quot;video_type&quot;:&quot;youtube&quot;,&quot;controls&quot;:&quot;yes&quot;}\" data-widget_type=\"video.default\">\n\t\t\t\t<div class=\"elementor-widget-container\">\n\t\t\t\t\t\t\t<div class=\"elementor-wrapper elementor-open-inline\">\n\t\t\t<div class=\"elementor-video\"><\/div>\t\t<\/div>\n\t\t\t\t\t\t<\/div>\n\t\t\t\t<\/div>\n\t\t\t\t<div class=\"elementor-element elementor-element-3e11fc7 elementor-invisible elementor-widget elementor-widget-heading\" data-id=\"3e11fc7\" data-element_type=\"widget\" data-settings=\"{&quot;_animation&quot;:&quot;fadeInUp&quot;}\" data-widget_type=\"heading.default\">\n\t\t\t\t<div class=\"elementor-widget-container\">\n\t\t\t\t\t<h2 class=\"elementor-heading-title elementor-size-default\">RESSOURCES P\u00c9DAGOGIQUES GRATUITES<\/h2>\t\t\t\t<\/div>\n\t\t\t\t<\/div>\n\t\t\t\t<section class=\"elementor-section elementor-inner-section elementor-element elementor-element-1d9c2e1 elementor-section-boxed elementor-section-height-default elementor-section-height-default\" data-id=\"1d9c2e1\" data-element_type=\"section\">\n\t\t\t\t\t\t<div class=\"elementor-container elementor-column-gap-default\">\n\t\t\t\t\t<div class=\"elementor-column elementor-col-50 elementor-inner-column elementor-element elementor-element-a0c90fb\" data-id=\"a0c90fb\" data-element_type=\"column\">\n\t\t\t<div class=\"elementor-widget-wrap elementor-element-populated\">\n\t\t\t\t\t\t<div class=\"elementor-element elementor-element-d673abd pencil-list-2col elementor-widget elementor-widget-text-editor\" data-id=\"d673abd\" data-element_type=\"widget\" data-widget_type=\"text-editor.default\">\n\t\t\t\t<div class=\"elementor-widget-container\">\n\t\t\t\t\t\t\t\t\t<p>Vous trouverez ci-dessous quelques exemples de didacticiels de cours pr\u00eats \u00e0 l&#8217;emploi bas\u00e9s sur le concept de Ben Heine pour les \u00e9l\u00e8ves primaires et secondaires provenant d&rsquo;\u00e8coles du Royaume-Uni et de France. Si vous \u00eates enseignant, n&rsquo;h\u00e9sitez pas \u00e0 utiliser ou \u00e0 am\u00e9liorer ce mat\u00e9riel \u00e0 des fins p\u00e9dagogiques et \u00e0 le partager avec nous.<\/p><h3 style=\"font-family: Montserrat, sans-serif;\"><span style=\"color: rgb(76, 152, 201);\"><span style=\"font-size: 14px;\"><span style=\"font-weight: 700;\">\ud83c\uddeb\ud83c\uddf7<\/span><\/span><\/span><span style=\"font-weight: 700; color: rgb(76, 152, 201); font-size: 14px;\">&nbsp;<\/span><a href=\"https:\/\/www.artsmcd.com\/pencil-vs-camera\" target=\"_blank\" rel=\"noopener noreferrer\" style=\"transition-duration: 0.15s; font-size: 14px; font-weight: bold;\">Fiche p\u00e9dagogique 1 (FR)&nbsp;\u2013 ART SMCD<\/a><\/h3><h3 style=\"font-family: Montserrat, sans-serif;\"><span style=\"color: rgb(76, 152, 201);\"><span style=\"font-size: 14px;\"><span style=\"font-weight: bold;\">\ud83c\uddeb\ud83c\uddf7<\/span><\/span><\/span><span style=\"font-weight: bold; color: rgb(76, 152, 201); font-size: 14px;\">&nbsp;<\/span><a href=\"https:\/\/laphotographiescolaire.fr\/ateliers-photographiques\/atelier-photographique-pencil-vs-camera\/\" style=\"transition-duration: 0.15s; background-color: rgb(255, 255, 255);\"><span style=\"font-size: 14px;\"><span style=\"font-weight: 700;\">Fiche p\u00e9dagogique 2 (FR)<\/span><\/span><span style=\"font-size: 14px;\"><span style=\"font-weight: 700;\">&nbsp;\u2013 La Photo Scolaire<\/span><\/span><\/a><span style=\"color: rgb(76, 152, 201);\"><span style=\"font-size: 14px;\"><span style=\"font-weight: 700;\"><br><br>\ud83c\uddeb\ud83c\uddf7<\/span><\/span><\/span><span style=\"font-weight: 700; color: rgb(76, 152, 201); font-size: 14px;\">&nbsp;<\/span><a href=\"http:\/\/monecole.fr\/disciplines\/art-visuel\/art-visuel-photo-complter\" target=\"_blank\" rel=\"noopener noreferrer\" style=\"transition-duration: 0.15s; font-size: 14px; font-weight: bold;\">Fiche p\u00e9dagogique 3 (FR)&nbsp;\u2013 Mon Ecole<\/a><\/h3><h3 style=\"font-family: Montserrat, sans-serif;\"><span style=\"color: rgb(39, 93, 139);\"><span style=\"font-size: 14px;\"><span style=\"font-weight: 700;\">\ud83c\uddeb\ud83c\uddf7&nbsp;<\/span><\/span><\/span><a href=\"http:\/\/desyeuxdansledos.fr\/benjamin-heine\/\" style=\"transition-duration: 0.15s; font-size: 14px; font-weight: bold;\">Fiche p\u00e9dagogique 4 (FR)&nbsp;\u2013 Des yeux Dans le Dos<\/a><\/h3><h3 style=\"font-family: Montserrat, sans-serif;\"><span style=\"color: rgb(76, 152, 201);\"><span style=\"font-size: 14px;\"><span style=\"font-weight: 700;\">\ud83c\uddeb\ud83c\uddf7&nbsp;<\/span><\/span><\/span><a href=\"http:\/\/edisam.free.fr\/cours\/photoshop\/65_benheine\/Ben%20Heine.pdf\" target=\"_blank\" rel=\"noopener noreferrer\" style=\"transition-duration: 0.15s; font-size: 14px; font-weight: bold;\">Fiche p\u00e9dagogique 5 (FR)&nbsp;\u2013 Edisam<\/a><\/h3><h3 style=\"font-family: Montserrat, sans-serif;\"><span style=\"color: rgb(39, 93, 139);\"><span style=\"font-size: 14px;\"><span style=\"font-weight: 700;\">\ud83c\uddeb\ud83c\uddf7&nbsp;<\/span><\/span><\/span><a href=\"https:\/\/arts-plastiques.web.ac-grenoble.fr\/sites\/default\/files\/inline-images\/gpwKcIzoOMjYsZqqGQ0RBAzdSliCu47cSTGx8OT6kCMGOwhvri.pdf\" style=\"transition-duration: 0.15s; font-size: 14px; font-weight: bold;\">Fiche p\u00e9dagogique 6 (FR)&nbsp;\u2013 Acad\u00e9mie de Grenoble<\/a><\/h3><h3 style=\"font-family: Montserrat, sans-serif;\"><span style=\"color: rgb(76, 152, 201);\"><span style=\"font-size: 14px;\"><b>\ud83c\uddec\ud83c\udde7&nbsp;<\/b><\/span><\/span><a href=\"https:\/\/theartyteacher.com\/downloads\/ben-heine-presentation\/\" style=\"transition-duration: 0.15s; font-size: 14px; font-weight: bold;\"><b>Lesson Plan 1 (En)<\/b>&nbsp;\u2013 The Arty Teacher<\/a><br><\/h3><h3 style=\"font-family: Montserrat, sans-serif;\"><span style=\"color: rgb(76, 152, 201);\"><span style=\"font-size: 14px;\"><span style=\"font-weight: 700;\">\ud83c\uddec\ud83c\udde7&nbsp;<\/span><\/span><\/span><a href=\"https:\/\/benheine.com\/harnessing-creativity-in-education-the-power-of-ben-heines-pencil-vs-camera-concept-in-schools\/\" style=\"transition-duration: 0.15s; font-size: 14px; font-weight: bold;\">Lesson Plan 2 (En)&nbsp;\u2013 Ben Heine<\/a><\/h3><h3 style=\"font-family: Montserrat, sans-serif;\"><span style=\"color: rgb(76, 152, 201);\"><span style=\"font-size: 14px;\"><b>\ud83c\uddec\ud83c\udde7&nbsp;<\/b><\/span><\/span><a href=\"https:\/\/benheine.com\/wp-content\/uploads\/2018\/05\/Lesson-Plan-for-school-Pencil-VS-camera.pdf?fbclid=IwAR23LssszKf-Ax7VhNzL6AOZSGDOiPCXspv_-tPwDELj9uLJ7zuNqTuzywo\" style=\"transition-duration: 0.15s; font-size: 14px; font-weight: bold;\"><b>Lesson Plan 3 (En)<\/b>&nbsp;\u2013 Max Art School<\/a><\/h3><h3 style=\"font-family: Montserrat, sans-serif;\"><span style=\"color: rgb(39, 93, 139);\"><span style=\"font-size: 14px;\"><b>\ud83c\uddec\ud83c\udde7&nbsp;<\/b><\/span><\/span><a href=\"http:\/\/www.thesmartteacher.com\/exchange\/resource\/1094\/Ben_Heine_Inspired_Pencil_vs._Camera\" target=\"_blank\" rel=\"noopener noreferrer\" style=\"transition-duration: 0.15s; font-size: 14px; font-weight: bold;\"><b>Lesson Plan 4 (EN)&nbsp;<\/b>\u2013 The Smart Teacher<\/a><\/h3><h3 style=\"font-family: Montserrat, sans-serif;\"><span style=\"color: rgb(76, 152, 201);\"><span style=\"font-size: 14px;\"><b>\ud83c\uddec\ud83c\udde7&nbsp;<\/b><\/span><\/span><a href=\"https:\/\/fr.slideshare.net\/nivaca2\/ben-heine-for-kids\" style=\"transition-duration: 0.15s; font-size: 14px; font-weight: bold;\"><b>Lesson Plan 5 (EN)<\/b>&nbsp;\u2013 Nivaca Culture<\/a><\/h3>\t\t\t\t\t\t\t\t<\/div>\n\t\t\t\t<\/div>\n\t\t\t\t\t<\/div>\n\t\t<\/div>\n\t\t\t\t<div class=\"elementor-column elementor-col-50 elementor-inner-column elementor-element elementor-element-404dee8\" data-id=\"404dee8\" data-element_type=\"column\">\n\t\t\t<div class=\"elementor-widget-wrap elementor-element-populated\">\n\t\t\t\t\t\t<div class=\"elementor-element elementor-element-bc1e96a elementor-widget elementor-widget-image\" data-id=\"bc1e96a\" data-element_type=\"widget\" data-widget_type=\"image.default\">\n\t\t\t\t<div class=\"elementor-widget-container\">\n\t\t\t\t\t\t\t\t\t\t\t\t\t\t\t<img loading=\"lazy\" decoding=\"async\" width=\"1000\" height=\"726\" src=\"https:\/\/benheine.com\/wp-content\/uploads\/2024\/02\/Pencil-VS-Camera-School-Ecole-Ben-Heine.jpg\" class=\"attachment-large size-large wp-image-27910\" alt=\"\" srcset=\"https:\/\/benheine.com\/wp-content\/uploads\/2024\/02\/Pencil-VS-Camera-School-Ecole-Ben-Heine.jpg 1000w, https:\/\/benheine.com\/wp-content\/uploads\/2024\/02\/Pencil-VS-Camera-School-Ecole-Ben-Heine-300x218.jpg 300w, https:\/\/benheine.com\/wp-content\/uploads\/2024\/02\/Pencil-VS-Camera-School-Ecole-Ben-Heine-768x558.jpg 768w, https:\/\/benheine.com\/wp-content\/uploads\/2024\/02\/Pencil-VS-Camera-School-Ecole-Ben-Heine-600x436.jpg 600w\" sizes=\"(max-width: 1000px) 100vw, 1000px\" \/>\t\t\t\t\t\t\t\t\t\t\t\t\t\t\t<\/div>\n\t\t\t\t<\/div>\n\t\t\t\t\t<\/div>\n\t\t<\/div>\n\t\t\t\t\t<\/div>\n\t\t<\/section>\n\t\t\t\t<section class=\"elementor-section elementor-inner-section elementor-element elementor-element-ae28c45 elementor-section-boxed elementor-section-height-default elementor-section-height-default\" data-id=\"ae28c45\" data-element_type=\"section\">\n\t\t\t\t\t\t<div class=\"elementor-container elementor-column-gap-default\">\n\t\t\t\t\t<div class=\"elementor-column elementor-col-50 elementor-inner-column elementor-element elementor-element-3348299\" data-id=\"3348299\" data-element_type=\"column\">\n\t\t\t<div class=\"elementor-widget-wrap\">\n\t\t\t\t\t\t\t<\/div>\n\t\t<\/div>\n\t\t\t\t<div class=\"elementor-column elementor-col-50 elementor-inner-column elementor-element elementor-element-8319ce4\" data-id=\"8319ce4\" data-element_type=\"column\">\n\t\t\t<div class=\"elementor-widget-wrap\">\n\t\t\t\t\t\t\t<\/div>\n\t\t<\/div>\n\t\t\t\t\t<\/div>\n\t\t<\/section>\n\t\t\t\t\t<\/div>\n\t\t<\/div>\n\t\t\t\t\t<\/div>\n\t\t<\/section>\n\t\t\t\t<section class=\"elementor-section elementor-top-section elementor-element elementor-element-9eb69a9 elementor-section-boxed elementor-section-height-default elementor-section-height-default\" data-id=\"9eb69a9\" data-element_type=\"section\">\n\t\t\t\t\t\t<div class=\"elementor-container elementor-column-gap-default\">\n\t\t\t\t\t<div class=\"elementor-column elementor-col-100 elementor-top-column elementor-element elementor-element-659d124\" data-id=\"659d124\" data-element_type=\"column\">\n\t\t\t<div class=\"elementor-widget-wrap elementor-element-populated\">\n\t\t\t\t\t\t<div class=\"elementor-element elementor-element-af7c499 elementor-widget elementor-widget-html\" data-id=\"af7c499\" data-element_type=\"widget\" data-widget_type=\"html.default\">\n\t\t\t\t<div class=\"elementor-widget-container\">\n\t\t\t\t\t<div class=\"api-gallery-wrapper\">\r\n<div id=\"youtube-gallery\"\r\n     data-playlist-id=\"PLGCn7slqglEA-iJbA9ms92zPt48NbMn30\"\r\n     data-rows=\"2\">\r\n<\/div>\r\n<button id=\"yt-load-more\">Load More<\/button>\r\n<div id=\"youtube-modal\" class=\"yt-modal\">\r\n  <div class=\"yt-modal-content\">\r\n    \r\n    <span class=\"yt-modal-close\">&times;<\/span>\r\n\r\n    <div class=\"yt-video-wrapper\">\r\n      <iframe id=\"yt-player\"\r\n              src=\"\"\r\n              frameborder=\"0\"\r\n              allow=\"autoplay; encrypted-media\"\r\n              allowfullscreen>\r\n      <\/iframe>\r\n    <\/div>\r\n\r\n  <\/div>\r\n<\/div>\r\n<\/div>\t\t\t\t<\/div>\n\t\t\t\t<\/div>\n\t\t\t\t\t<\/div>\n\t\t<\/div>\n\t\t\t\t\t<\/div>\n\t\t<\/section>\n\t\t\t\t<section class=\"elementor-section elementor-top-section elementor-element elementor-element-e03cab8 elementor-section-boxed elementor-section-height-default elementor-section-height-default elementor-invisible\" data-id=\"e03cab8\" data-element_type=\"section\" data-settings=\"{&quot;animation&quot;:&quot;fadeInUp&quot;}\">\n\t\t\t\t\t\t<div class=\"elementor-container elementor-column-gap-default\">\n\t\t\t\t\t<div class=\"elementor-column elementor-col-100 elementor-top-column elementor-element elementor-element-d5d4d19\" data-id=\"d5d4d19\" data-element_type=\"column\">\n\t\t\t<div class=\"elementor-widget-wrap elementor-element-populated\">\n\t\t\t\t\t\t<div class=\"elementor-element elementor-element-34ffe9c elementor-widget__width-inherit elementor-invisible elementor-widget elementor-widget-image\" data-id=\"34ffe9c\" data-element_type=\"widget\" data-settings=\"{&quot;_animation&quot;:&quot;fadeInUp&quot;}\" data-widget_type=\"image.default\">\n\t\t\t\t<div class=\"elementor-widget-container\">\n\t\t\t\t\t\t\t\t\t\t\t\t\t\t\t\t<a href=\"https:\/\/fixthephoto.com\/benheine\/dispersion-effect-psa\">\n\t\t\t\t\t\t\t<img loading=\"lazy\" decoding=\"async\" width=\"1400\" height=\"600\" src=\"https:\/\/benheine.com\/wp-content\/uploads\/2023\/11\/pencil-vs-camera-header.jpg\" class=\"attachment-full size-full wp-image-25865\" alt=\"Pencil Vs Camera in Schools\" srcset=\"https:\/\/benheine.com\/wp-content\/uploads\/2023\/11\/pencil-vs-camera-header.jpg 1400w, https:\/\/benheine.com\/wp-content\/uploads\/2023\/11\/pencil-vs-camera-header-300x129.jpg 300w, https:\/\/benheine.com\/wp-content\/uploads\/2023\/11\/pencil-vs-camera-header-1024x439.jpg 1024w, https:\/\/benheine.com\/wp-content\/uploads\/2023\/11\/pencil-vs-camera-header-768x329.jpg 768w\" sizes=\"(max-width: 1400px) 100vw, 1400px\" \/>\t\t\t\t\t\t\t\t<\/a>\n\t\t\t\t\t\t\t\t\t\t\t\t\t\t\t<\/div>\n\t\t\t\t<\/div>\n\t\t\t\t<div class=\"elementor-element elementor-element-6be7bcb exhibition-images pencil-imgs elementor-arrows-position-inside elementor-pagination-position-outside elementor-widget elementor-widget-image-carousel\" data-id=\"6be7bcb\" data-element_type=\"widget\" data-settings=\"{&quot;image_spacing_custom&quot;:{&quot;unit&quot;:&quot;px&quot;,&quot;size&quot;:15,&quot;sizes&quot;:[]},&quot;navigation&quot;:&quot;both&quot;,&quot;autoplay&quot;:&quot;yes&quot;,&quot;pause_on_hover&quot;:&quot;yes&quot;,&quot;pause_on_interaction&quot;:&quot;yes&quot;,&quot;autoplay_speed&quot;:5000,&quot;infinite&quot;:&quot;yes&quot;,&quot;speed&quot;:500,&quot;image_spacing_custom_tablet&quot;:{&quot;unit&quot;:&quot;px&quot;,&quot;size&quot;:&quot;&quot;,&quot;sizes&quot;:[]},&quot;image_spacing_custom_mobile&quot;:{&quot;unit&quot;:&quot;px&quot;,&quot;size&quot;:&quot;&quot;,&quot;sizes&quot;:[]}}\" data-widget_type=\"image-carousel.default\">\n\t\t\t\t<div class=\"elementor-widget-container\">\n\t\t\t\t\t\t\t<div class=\"elementor-image-carousel-wrapper swiper\" role=\"region\" aria-roledescription=\"carousel\" aria-label=\"Image Carousel\" dir=\"ltr\">\n\t\t\t<div class=\"elementor-image-carousel swiper-wrapper\" aria-live=\"off\">\n\t\t\t\t\t\t\t\t<div class=\"swiper-slide\" role=\"group\" aria-roledescription=\"slide\" aria-label=\"1 sur 12\"><figure class=\"swiper-slide-inner\"><img decoding=\"async\" class=\"swiper-slide-image\" src=\"https:\/\/benheine.com\/wp-content\/uploads\/2023\/11\/69662718_10156513508208616_2206722216358313984_n-copie-768x486.jpg\" alt=\"Pencil Vs Camera in Schools\" \/><\/figure><\/div><div class=\"swiper-slide\" role=\"group\" aria-roledescription=\"slide\" aria-label=\"2 sur 12\"><figure class=\"swiper-slide-inner\"><img decoding=\"async\" class=\"swiper-slide-image\" src=\"https:\/\/benheine.com\/wp-content\/uploads\/2023\/11\/69603625_10156513507958616_8483183162678050816_n-copie-768x432.jpg\" alt=\"69603625_10156513507958616_8483183162678050816_n copie\" \/><\/figure><\/div><div class=\"swiper-slide\" role=\"group\" aria-roledescription=\"slide\" aria-label=\"3 sur 12\"><figure class=\"swiper-slide-inner\"><img decoding=\"async\" class=\"swiper-slide-image\" src=\"https:\/\/benheine.com\/wp-content\/uploads\/2023\/11\/20211108_103630-copie-768x475.jpg\" alt=\"20211108_103630 copie\" \/><\/figure><\/div><div class=\"swiper-slide\" role=\"group\" aria-roledescription=\"slide\" aria-label=\"4 sur 12\"><figure class=\"swiper-slide-inner\"><img decoding=\"async\" class=\"swiper-slide-image\" src=\"https:\/\/benheine.com\/wp-content\/uploads\/2023\/11\/20230404_122747-copie-768x432.jpg\" alt=\"Pencil Vs Camera in Schools\" \/><\/figure><\/div><div class=\"swiper-slide\" role=\"group\" aria-roledescription=\"slide\" aria-label=\"5 sur 12\"><figure class=\"swiper-slide-inner\"><img decoding=\"async\" class=\"swiper-slide-image\" src=\"https:\/\/benheine.com\/wp-content\/uploads\/2023\/11\/20230404_122728--768x432.jpg\" alt=\"20230404_122728\" \/><\/figure><\/div><div class=\"swiper-slide\" role=\"group\" aria-roledescription=\"slide\" aria-label=\"6 sur 12\"><figure class=\"swiper-slide-inner\"><img decoding=\"async\" class=\"swiper-slide-image\" src=\"https:\/\/benheine.com\/wp-content\/uploads\/2023\/11\/20220725_140643-copie-768x430.jpg\" alt=\"Pencil Vs Camera in Schools\" \/><\/figure><\/div><div class=\"swiper-slide\" role=\"group\" aria-roledescription=\"slide\" aria-label=\"7 sur 12\"><figure class=\"swiper-slide-inner\"><img decoding=\"async\" class=\"swiper-slide-image\" src=\"https:\/\/benheine.com\/wp-content\/uploads\/2023\/11\/20220722_110836-copie-768x510.jpg\" alt=\"Pencil Vs Camera in Schools\" \/><\/figure><\/div><div class=\"swiper-slide\" role=\"group\" aria-roledescription=\"slide\" aria-label=\"8 sur 12\"><figure class=\"swiper-slide-inner\"><img decoding=\"async\" class=\"swiper-slide-image\" src=\"https:\/\/benheine.com\/wp-content\/uploads\/2024\/01\/Pencil-VS-Camera-School-Ecole-Ben-Heine-e1707267099811-768x469.jpg\" alt=\"Pencil VS Camera School Ecole Ben Heine\" \/><\/figure><\/div><div class=\"swiper-slide\" role=\"group\" aria-roledescription=\"slide\" aria-label=\"9 sur 12\"><figure class=\"swiper-slide-inner\"><img decoding=\"async\" class=\"swiper-slide-image\" src=\"https:\/\/benheine.com\/wp-content\/uploads\/2023\/11\/20220721_141723-copie-768x397.jpg\" alt=\"Pencil Vs Camera in Schools\" \/><\/figure><\/div><div class=\"swiper-slide\" role=\"group\" aria-roledescription=\"slide\" aria-label=\"10 sur 12\"><figure class=\"swiper-slide-inner\"><img decoding=\"async\" class=\"swiper-slide-image\" src=\"https:\/\/benheine.com\/wp-content\/uploads\/2023\/11\/20220720_161346-copie-768x466.jpg\" alt=\"20220720_161346 copie\" \/><\/figure><\/div><div class=\"swiper-slide\" role=\"group\" aria-roledescription=\"slide\" aria-label=\"11 sur 12\"><figure class=\"swiper-slide-inner\"><img decoding=\"async\" class=\"swiper-slide-image\" src=\"https:\/\/benheine.com\/wp-content\/uploads\/2023\/11\/20211109_105315-copie-768x447.jpg\" alt=\"20211109_105315 copie\" \/><\/figure><\/div><div class=\"swiper-slide\" role=\"group\" aria-roledescription=\"slide\" aria-label=\"12 sur 12\"><figure class=\"swiper-slide-inner\"><img decoding=\"async\" class=\"swiper-slide-image\" src=\"https:\/\/benheine.com\/wp-content\/uploads\/2023\/11\/20210308_121111-copie-768x410.jpg\" alt=\"20210308_121111 copie\" \/><\/figure><\/div>\t\t\t<\/div>\n\t\t\t\t\t\t\t\t\t\t\t\t<div class=\"elementor-swiper-button elementor-swiper-button-prev\" role=\"button\" tabindex=\"0\">\n\t\t\t\t\t\t<i aria-hidden=\"true\" class=\"eicon-chevron-left\"><\/i>\t\t\t\t\t<\/div>\n\t\t\t\t\t<div class=\"elementor-swiper-button elementor-swiper-button-next\" role=\"button\" tabindex=\"0\">\n\t\t\t\t\t\t<i aria-hidden=\"true\" class=\"eicon-chevron-right\"><\/i>\t\t\t\t\t<\/div>\n\t\t\t\t\n\t\t\t\t\t\t\t\t\t<div class=\"swiper-pagination\"><\/div>\n\t\t\t\t\t\t\t\t\t<\/div>\n\t\t\t\t\t\t<\/div>\n\t\t\t\t<\/div>\n\t\t\t\t\t<\/div>\n\t\t<\/div>\n\t\t\t\t\t<\/div>\n\t\t<\/section>\n\t\t\t\t<section class=\"elementor-section elementor-top-section elementor-element elementor-element-4834c81 elementor-section-boxed elementor-section-height-default elementor-section-height-default\" data-id=\"4834c81\" data-element_type=\"section\">\n\t\t\t\t\t\t<div class=\"elementor-container elementor-column-gap-default\">\n\t\t\t\t\t<div class=\"elementor-column elementor-col-100 elementor-top-column elementor-element elementor-element-0a47dd5\" data-id=\"0a47dd5\" data-element_type=\"column\">\n\t\t\t<div class=\"elementor-widget-wrap elementor-element-populated\">\n\t\t\t\t\t\t<div class=\"elementor-element elementor-element-53e0fa2 elementor-invisible elementor-widget elementor-widget-heading\" data-id=\"53e0fa2\" data-element_type=\"widget\" data-settings=\"{&quot;_animation&quot;:&quot;fadeInUp&quot;}\" data-widget_type=\"heading.default\">\n\t\t\t\t<div class=\"elementor-widget-container\">\n\t\t\t\t\t<h2 class=\"elementor-heading-title elementor-size-default\">LE CONTEXTE<\/h2>\t\t\t\t<\/div>\n\t\t\t\t<\/div>\n\t\t\t\t<section class=\"elementor-section elementor-inner-section elementor-element elementor-element-d86d82e elementor-section-boxed elementor-section-height-default elementor-section-height-default\" data-id=\"d86d82e\" data-element_type=\"section\">\n\t\t\t\t\t\t<div class=\"elementor-container elementor-column-gap-default\">\n\t\t\t\t\t<div class=\"elementor-column elementor-col-50 elementor-inner-column elementor-element elementor-element-84bee9a\" data-id=\"84bee9a\" data-element_type=\"column\">\n\t\t\t<div class=\"elementor-widget-wrap elementor-element-populated\">\n\t\t\t\t\t\t<div class=\"elementor-element elementor-element-8fd1026 elementor-widget elementor-widget-text-editor\" data-id=\"8fd1026\" data-element_type=\"widget\" data-widget_type=\"text-editor.default\">\n\t\t\t\t<div class=\"elementor-widget-container\">\n\t\t\t\t\t\t\t\t\t<p style=\"color: #40405d; font-size: 16px; letter-spacing: 1px; text-align: justify;\">Ben Heine a \u00e9t\u00e9 rapidement contact\u00e9 par des professeurs et des \u00e9coles souhaitant utiliser et enseigner sa technique. En collaboration avec Ben Heine, des enseignants d&rsquo;\u00e9coles, d&rsquo;acad\u00e9mies et d&rsquo;\u00e9tablissements d&rsquo;enseignement pr\u00e9sentent \u00e0 leurs \u00e9l\u00e8ves les concepts cr\u00e9atifs de Ben \u00e0 travers des\u00a0<a href=\"http:\/\/en.paperblog.com\/pencil-vs-camera-techniques-taught-in-different-schools-1026646\/\" target=\"_blank\" rel=\"noopener\">fiches p\u00e9dagogiques<\/a>\u00a0pour stimuler leur imagination, d\u00e9velopper leurs comp\u00e9tences en dessin et en photographie, les encourager \u00e0 utiliser les nouvelles technologies et les motiver \u00e0\u00a0<a href=\"http:\/\/desyeuxdansledos.fr\/benjamin-heine\/\" target=\"_blank\" rel=\"noopener\">communiquer diff\u00e9remment<\/a>. Le travail de Ben Heine permet \u00e9galement aux enseignants de\u00a0<a href=\"http:\/\/www.cwartsmag.com\/french-11-students-art-inspired-by-ben-heine.html\" target=\"_blank\" rel=\"noopener\">discuter<\/a>\u00a0des diff\u00e9rences entre r\u00e9alit\u00e9 et imagination et de mettre en sc\u00e8ne les jeunes et leur environnement. Les \u00e9l\u00e8ves cr\u00e9ent leurs propres \u0153uvres d\u2019art \u00e0 partir de z\u00e9ro ou utilisent les images de Ben Heine sans le croquis pour commencer (voir exemples ci-dessous). Ensuite, ils discutent des r\u00e9sultats ou les exposent dans leur \u00e9cole.<\/p><p style=\"color: #40405d; font-size: 16px; letter-spacing: 1px; text-align: justify;\">Les techniques cr\u00e9atives de Ben Heine sont devenues partie int\u00e9grante des cours d&rsquo;art dans de nombreuses \u00e9coles primaires et secondaires, diff\u00e9rents didacticiels de cours d&rsquo;art donnant des instructions sur la fa\u00e7on d&rsquo;utiliser son concept sont diffus\u00e9s par les \u00e9coles et les professeurs d&rsquo;art en ligne et\u00a0<a href=\"https:\/\/www.facebook.com\/benheineart\/posts\/pfbid0r56gRkaUm3Hs1cdc4VpRqTTR4eor8fvime8zWkzxU6ExtCq5PDLKdtzabRD9sBg9l\" target=\"_blank\" rel=\"noopener\">dans des livres<\/a>\u00a0en France, au Canada, en Chine, au Br\u00e9sil, en Jordanie, au Luxembourg, en Russie et au Royaume-Uni (voir exemples ci-dessous). Ben Heine donne \u00e9galement de fr\u00e9quents ateliers interactifs et conf\u00e9rences dans des \u00e9coles en Belgique, en France, en Europe et au Canada.<\/p>\t\t\t\t\t\t\t\t<\/div>\n\t\t\t\t<\/div>\n\t\t\t\t\t<\/div>\n\t\t<\/div>\n\t\t\t\t<div class=\"elementor-column elementor-col-50 elementor-inner-column elementor-element elementor-element-ff4969b\" data-id=\"ff4969b\" data-element_type=\"column\">\n\t\t\t<div class=\"elementor-widget-wrap elementor-element-populated\">\n\t\t\t\t\t\t<div class=\"elementor-element elementor-element-d4436eb elementor-widget elementor-widget-image\" data-id=\"d4436eb\" data-element_type=\"widget\" data-widget_type=\"image.default\">\n\t\t\t\t<div class=\"elementor-widget-container\">\n\t\t\t\t\t\t\t\t\t\t\t\t\t\t\t<img loading=\"lazy\" decoding=\"async\" width=\"1000\" height=\"849\" src=\"https:\/\/benheine.com\/wp-content\/uploads\/2024\/02\/4-Pencil-Vs-Camera-36-Ben-Heine.jpg\" class=\"attachment-large size-large wp-image-28038\" alt=\"Pencil Vs Camera in Schools\" srcset=\"https:\/\/benheine.com\/wp-content\/uploads\/2024\/02\/4-Pencil-Vs-Camera-36-Ben-Heine.jpg 1000w, https:\/\/benheine.com\/wp-content\/uploads\/2024\/02\/4-Pencil-Vs-Camera-36-Ben-Heine-300x255.jpg 300w, https:\/\/benheine.com\/wp-content\/uploads\/2024\/02\/4-Pencil-Vs-Camera-36-Ben-Heine-768x652.jpg 768w, https:\/\/benheine.com\/wp-content\/uploads\/2024\/02\/4-Pencil-Vs-Camera-36-Ben-Heine-600x509.jpg 600w\" sizes=\"(max-width: 1000px) 100vw, 1000px\" \/>\t\t\t\t\t\t\t\t\t\t\t\t\t\t\t<\/div>\n\t\t\t\t<\/div>\n\t\t\t\t\t<\/div>\n\t\t<\/div>\n\t\t\t\t\t<\/div>\n\t\t<\/section>\n\t\t\t\t<div class=\"elementor-element elementor-element-86a1cae elementor-invisible elementor-widget elementor-widget-heading\" data-id=\"86a1cae\" data-element_type=\"widget\" data-settings=\"{&quot;_animation&quot;:&quot;fadeInUp&quot;}\" data-widget_type=\"heading.default\">\n\t\t\t\t<div class=\"elementor-widget-container\">\n\t\t\t\t\t<h2 class=\"elementor-heading-title elementor-size-default\">DES IMAGES VIDES POUR S'ENTRAINER<\/h2>\t\t\t\t<\/div>\n\t\t\t\t<\/div>\n\t\t\t\t<div class=\"elementor-element elementor-element-38b8b25 elementor-invisible elementor-widget elementor-widget-text-editor\" data-id=\"38b8b25\" data-element_type=\"widget\" data-settings=\"{&quot;_animation&quot;:&quot;fadeInUp&quot;}\" data-widget_type=\"text-editor.default\">\n\t\t\t\t<div class=\"elementor-widget-container\">\n\t\t\t\t\t\t\t\t\t<p>Ci-dessous quelques photos de Ben Heine avec le dessin effac\u00e9. Elles peuvent \u00eatre utilis\u00e9es par les professeurs de dessin (vous pouvez en trouvez d\u2019autres sur Google). Contactez-nous si vous souhaitez des versions HD.<\/p>\t\t\t\t\t\t\t\t<\/div>\n\t\t\t\t<\/div>\n\t\t\t\t<div class=\"elementor-element elementor-element-0e1809d elementor-invisible elementor-widget elementor-widget-gallery\" data-id=\"0e1809d\" data-element_type=\"widget\" data-settings=\"{&quot;gallery_layout&quot;:&quot;justified&quot;,&quot;ideal_row_height&quot;:{&quot;unit&quot;:&quot;px&quot;,&quot;size&quot;:250,&quot;sizes&quot;:[]},&quot;gap&quot;:{&quot;unit&quot;:&quot;px&quot;,&quot;size&quot;:5,&quot;sizes&quot;:[]},&quot;_animation&quot;:&quot;fadeInUp&quot;,&quot;lazyload&quot;:&quot;yes&quot;,&quot;ideal_row_height_tablet&quot;:{&quot;unit&quot;:&quot;px&quot;,&quot;size&quot;:150,&quot;sizes&quot;:[]},&quot;ideal_row_height_mobile&quot;:{&quot;unit&quot;:&quot;px&quot;,&quot;size&quot;:150,&quot;sizes&quot;:[]},&quot;gap_tablet&quot;:{&quot;unit&quot;:&quot;px&quot;,&quot;size&quot;:10,&quot;sizes&quot;:[]},&quot;gap_mobile&quot;:{&quot;unit&quot;:&quot;px&quot;,&quot;size&quot;:10,&quot;sizes&quot;:[]},&quot;link_to&quot;:&quot;file&quot;,&quot;content_hover_animation&quot;:&quot;fade-in&quot;}\" data-widget_type=\"gallery.default\">\n\t\t\t\t<div class=\"elementor-widget-container\">\n\t\t\t\t\t\t\t<div class=\"elementor-gallery__container\">\n\t\t\t\t\t\t\t<a class=\"e-gallery-item elementor-gallery-item elementor-animated-content\" href=\"https:\/\/benheine.com\/wp-content\/uploads\/2018\/04\/Drawing-Lesson-children-Cours-de-dessin-enfants-pencil-vs-camera-2.jpg\" data-elementor-open-lightbox=\"yes\" data-elementor-lightbox-slideshow=\"all-0e1809d\" data-elementor-lightbox-title=\"Drawing Lesson children - Cours de dessin enfants - pencil vs camera 2\" data-elementor-lightbox-description=\"Pencil Vs Camera in schools - learn Drawing - Apprendre le dessin - ben heine art pencil vs camera pour les ecoles\" data-e-action-hash=\"#elementor-action%3Aaction%3Dlightbox%26settings%3DeyJpZCI6NjQ3NSwidXJsIjoiaHR0cHM6XC9cL2JlbmhlaW5lLmNvbVwvd3AtY29udGVudFwvdXBsb2Fkc1wvMjAxOFwvMDRcL0RyYXdpbmctTGVzc29uLWNoaWxkcmVuLUNvdXJzLWRlLWRlc3Npbi1lbmZhbnRzLXBlbmNpbC12cy1jYW1lcmEtMi5qcGciLCJzbGlkZXNob3ciOiJhbGwtMGUxODA5ZCJ9\">\n\t\t\t\t\t<div class=\"e-gallery-image elementor-gallery-item__image\" data-thumbnail=\"https:\/\/benheine.com\/wp-content\/uploads\/2018\/04\/Drawing-Lesson-children-Cours-de-dessin-enfants-pencil-vs-camera-2-300x191.jpg\" data-width=\"300\" data-height=\"191\" alt=\"Pencil Vs Camera in schools - learn Drawing - Apprendre le dessin - ben heine art pencil vs camera pour les ecoles\" ><\/div>\n\t\t\t\t\t\t\t\t\t\t\t\t\t\t<\/a>\n\t\t\t\t\t\t\t<a class=\"e-gallery-item elementor-gallery-item elementor-animated-content\" href=\"https:\/\/benheine.com\/wp-content\/uploads\/2018\/11\/5-ben-heine-art-pencil-vs-camera-pour-les-ecoles.jpg\" data-elementor-open-lightbox=\"yes\" data-elementor-lightbox-slideshow=\"all-0e1809d\" data-elementor-lightbox-title=\"5 ben heine art pencil vs camera pour les ecoles\" data-elementor-lightbox-description=\"Pencil Vs Camera in schools - learn Drawing - Apprendre le dessin - ben heine art pencil vs camera pour les ecoles\" data-e-action-hash=\"#elementor-action%3Aaction%3Dlightbox%26settings%3DeyJpZCI6NzQ0MSwidXJsIjoiaHR0cHM6XC9cL2JlbmhlaW5lLmNvbVwvd3AtY29udGVudFwvdXBsb2Fkc1wvMjAxOFwvMTFcLzUtYmVuLWhlaW5lLWFydC1wZW5jaWwtdnMtY2FtZXJhLXBvdXItbGVzLWVjb2xlcy5qcGciLCJzbGlkZXNob3ciOiJhbGwtMGUxODA5ZCJ9\">\n\t\t\t\t\t<div class=\"e-gallery-image elementor-gallery-item__image\" data-thumbnail=\"https:\/\/benheine.com\/wp-content\/uploads\/2018\/11\/5-ben-heine-art-pencil-vs-camera-pour-les-ecoles-300x200.jpg\" data-width=\"300\" data-height=\"200\" alt=\"Pencil Vs Camera in schools - learn Drawing - Apprendre le dessin - ben heine art pencil vs camera pour les ecoles\" ><\/div>\n\t\t\t\t\t\t\t\t\t\t\t\t\t\t<\/a>\n\t\t\t\t\t\t\t<a class=\"e-gallery-item elementor-gallery-item elementor-animated-content\" href=\"https:\/\/benheine.com\/wp-content\/uploads\/2024\/03\/Pencil-Vs-Camera-in-schools-learn-Drawing-Apprendre-le-dessin-ben-heine-art-pencil-vs-camera-pour-les-ecoles.jpg\" data-elementor-open-lightbox=\"yes\" data-elementor-lightbox-slideshow=\"all-0e1809d\" data-elementor-lightbox-title=\"Pencil Vs Camera in schools - learn Drawing - Apprendre le dessin - ben heine art pencil vs camera pour les ecoles\" data-e-action-hash=\"#elementor-action%3Aaction%3Dlightbox%26settings%3DeyJpZCI6MzAzNTgsInVybCI6Imh0dHBzOlwvXC9iZW5oZWluZS5jb21cL3dwLWNvbnRlbnRcL3VwbG9hZHNcLzIwMjRcLzAzXC9QZW5jaWwtVnMtQ2FtZXJhLWluLXNjaG9vbHMtbGVhcm4tRHJhd2luZy1BcHByZW5kcmUtbGUtZGVzc2luLWJlbi1oZWluZS1hcnQtcGVuY2lsLXZzLWNhbWVyYS1wb3VyLWxlcy1lY29sZXMuanBnIiwic2xpZGVzaG93IjoiYWxsLTBlMTgwOWQifQ%3D%3D\">\n\t\t\t\t\t<div class=\"e-gallery-image elementor-gallery-item__image\" data-thumbnail=\"https:\/\/benheine.com\/wp-content\/uploads\/2024\/03\/Pencil-Vs-Camera-in-schools-learn-Drawing-Apprendre-le-dessin-ben-heine-art-pencil-vs-camera-pour-les-ecoles-300x200.jpg\" data-width=\"300\" data-height=\"200\" alt=\"\" ><\/div>\n\t\t\t\t\t\t\t\t\t\t\t\t\t\t<\/a>\n\t\t\t\t\t\t\t<a class=\"e-gallery-item elementor-gallery-item elementor-animated-content\" href=\"https:\/\/benheine.com\/wp-content\/uploads\/2018\/04\/Drawing-Lesson-children-Cours-de-dessin-enfants-4.jpg\" data-elementor-open-lightbox=\"yes\" data-elementor-lightbox-slideshow=\"all-0e1809d\" data-elementor-lightbox-title=\"Drawing Lesson children - Cours de dessin enfants 4\" data-elementor-lightbox-description=\"Pencil Vs Camera in schools - learn Drawing - Apprendre le dessin - ben heine art pencil vs camera pour les ecoles\" data-e-action-hash=\"#elementor-action%3Aaction%3Dlightbox%26settings%3DeyJpZCI6NjQ3NywidXJsIjoiaHR0cHM6XC9cL2JlbmhlaW5lLmNvbVwvd3AtY29udGVudFwvdXBsb2Fkc1wvMjAxOFwvMDRcL0RyYXdpbmctTGVzc29uLWNoaWxkcmVuLUNvdXJzLWRlLWRlc3Npbi1lbmZhbnRzLTQuanBnIiwic2xpZGVzaG93IjoiYWxsLTBlMTgwOWQifQ%3D%3D\">\n\t\t\t\t\t<div class=\"e-gallery-image elementor-gallery-item__image\" data-thumbnail=\"https:\/\/benheine.com\/wp-content\/uploads\/2018\/04\/Drawing-Lesson-children-Cours-de-dessin-enfants-4-300x212.jpg\" data-width=\"300\" data-height=\"212\" alt=\"Pencil Vs Camera in schools - learn Drawing - Apprendre le dessin - ben heine art pencil vs camera pour les ecoles\" ><\/div>\n\t\t\t\t\t\t\t\t\t\t\t\t\t\t<\/a>\n\t\t\t\t\t\t\t<a class=\"e-gallery-item elementor-gallery-item elementor-animated-content\" href=\"https:\/\/benheine.com\/wp-content\/uploads\/2018\/11\/4-ben-heine-art-pencil-vs-camera-pour-les-ecoles.jpg\" data-elementor-open-lightbox=\"yes\" data-elementor-lightbox-slideshow=\"all-0e1809d\" data-elementor-lightbox-title=\"4 ben heine art pencil vs camera pour les ecoles\" data-elementor-lightbox-description=\"Pencil Vs Camera in schools - learn Drawing - Apprendre le dessin - ben heine art pencil vs camera pour les ecoles\" data-e-action-hash=\"#elementor-action%3Aaction%3Dlightbox%26settings%3DeyJpZCI6NzQ0MCwidXJsIjoiaHR0cHM6XC9cL2JlbmhlaW5lLmNvbVwvd3AtY29udGVudFwvdXBsb2Fkc1wvMjAxOFwvMTFcLzQtYmVuLWhlaW5lLWFydC1wZW5jaWwtdnMtY2FtZXJhLXBvdXItbGVzLWVjb2xlcy5qcGciLCJzbGlkZXNob3ciOiJhbGwtMGUxODA5ZCJ9\">\n\t\t\t\t\t<div class=\"e-gallery-image elementor-gallery-item__image\" data-thumbnail=\"https:\/\/benheine.com\/wp-content\/uploads\/2018\/11\/4-ben-heine-art-pencil-vs-camera-pour-les-ecoles-300x210.jpg\" data-width=\"300\" data-height=\"210\" alt=\"Pencil Vs Camera in schools - learn Drawing - Apprendre le dessin - ben heine art pencil vs camera pour les ecoles\" ><\/div>\n\t\t\t\t\t\t\t\t\t\t\t\t\t\t<\/a>\n\t\t\t\t\t\t\t<a class=\"e-gallery-item elementor-gallery-item elementor-animated-content\" href=\"https:\/\/benheine.com\/wp-content\/uploads\/2018\/11\/2-ben-heine-art-pencil-vs-camera-pour-les-ecoles.jpg\" data-elementor-open-lightbox=\"yes\" data-elementor-lightbox-slideshow=\"all-0e1809d\" data-elementor-lightbox-title=\"2 ben heine art pencil vs camera pour les ecoles\" data-elementor-lightbox-description=\"Pencil Vs Camera in schools - learn Drawing - Apprendre le dessin - ben heine art pencil vs camera pour les ecoles\" data-e-action-hash=\"#elementor-action%3Aaction%3Dlightbox%26settings%3DeyJpZCI6NzQ0MiwidXJsIjoiaHR0cHM6XC9cL2JlbmhlaW5lLmNvbVwvd3AtY29udGVudFwvdXBsb2Fkc1wvMjAxOFwvMTFcLzItYmVuLWhlaW5lLWFydC1wZW5jaWwtdnMtY2FtZXJhLXBvdXItbGVzLWVjb2xlcy5qcGciLCJzbGlkZXNob3ciOiJhbGwtMGUxODA5ZCJ9\">\n\t\t\t\t\t<div class=\"e-gallery-image elementor-gallery-item__image\" data-thumbnail=\"https:\/\/benheine.com\/wp-content\/uploads\/2018\/11\/2-ben-heine-art-pencil-vs-camera-pour-les-ecoles-300x214.jpg\" data-width=\"300\" data-height=\"214\" alt=\"Pencil Vs Camera in schools - learn Drawing - Apprendre le dessin - ben heine art pencil vs camera pour les ecoles\" ><\/div>\n\t\t\t\t\t\t\t\t\t\t\t\t\t\t<\/a>\n\t\t\t\t\t\t\t<a class=\"e-gallery-item elementor-gallery-item elementor-animated-content\" href=\"https:\/\/benheine.com\/wp-content\/uploads\/2024\/03\/Pencil-Vs-Camera-in-schools-learn-Drawing-Apprendre-le-dessin-ben-heine-art-pencil-vs-camera-pour-les-ecoles-5.jpg\" data-elementor-open-lightbox=\"yes\" data-elementor-lightbox-slideshow=\"all-0e1809d\" data-elementor-lightbox-title=\"Pencil Vs Camera in schools - learn Drawing - Apprendre le dessin - ben heine art pencil vs camera pour les ecoles 5\" data-elementor-lightbox-description=\"Pencil Vs Camera in schools - learn Drawing - Apprendre le dessin - ben heine art pencil vs camera pour les ecoles\" data-e-action-hash=\"#elementor-action%3Aaction%3Dlightbox%26settings%3DeyJpZCI6MzAzNTcsInVybCI6Imh0dHBzOlwvXC9iZW5oZWluZS5jb21cL3dwLWNvbnRlbnRcL3VwbG9hZHNcLzIwMjRcLzAzXC9QZW5jaWwtVnMtQ2FtZXJhLWluLXNjaG9vbHMtbGVhcm4tRHJhd2luZy1BcHByZW5kcmUtbGUtZGVzc2luLWJlbi1oZWluZS1hcnQtcGVuY2lsLXZzLWNhbWVyYS1wb3VyLWxlcy1lY29sZXMtNS5qcGciLCJzbGlkZXNob3ciOiJhbGwtMGUxODA5ZCJ9\">\n\t\t\t\t\t<div class=\"e-gallery-image elementor-gallery-item__image\" data-thumbnail=\"https:\/\/benheine.com\/wp-content\/uploads\/2024\/03\/Pencil-Vs-Camera-in-schools-learn-Drawing-Apprendre-le-dessin-ben-heine-art-pencil-vs-camera-pour-les-ecoles-5-300x200.jpg\" data-width=\"300\" data-height=\"200\" alt=\"Pencil Vs Camera in schools - learn Drawing - Apprendre le dessin - ben heine art pencil vs camera pour les ecoles\" ><\/div>\n\t\t\t\t\t\t\t\t\t\t\t\t\t\t<\/a>\n\t\t\t\t\t\t\t<a class=\"e-gallery-item elementor-gallery-item elementor-animated-content\" href=\"https:\/\/benheine.com\/wp-content\/uploads\/2018\/11\/ben-heine-art-pencil-vs-camera-pour-les-ecoles.jpg\" data-elementor-open-lightbox=\"yes\" data-elementor-lightbox-slideshow=\"all-0e1809d\" data-elementor-lightbox-title=\"ben heine art pencil vs camera pour les ecoles\" data-elementor-lightbox-description=\"Pencil Vs Camera in schools - learn Drawing - Apprendre le dessin - ben heine art pencil vs camera pour les ecoles\" data-e-action-hash=\"#elementor-action%3Aaction%3Dlightbox%26settings%3DeyJpZCI6NzQ0MywidXJsIjoiaHR0cHM6XC9cL2JlbmhlaW5lLmNvbVwvd3AtY29udGVudFwvdXBsb2Fkc1wvMjAxOFwvMTFcL2Jlbi1oZWluZS1hcnQtcGVuY2lsLXZzLWNhbWVyYS1wb3VyLWxlcy1lY29sZXMuanBnIiwic2xpZGVzaG93IjoiYWxsLTBlMTgwOWQifQ%3D%3D\">\n\t\t\t\t\t<div class=\"e-gallery-image elementor-gallery-item__image\" data-thumbnail=\"https:\/\/benheine.com\/wp-content\/uploads\/2018\/11\/ben-heine-art-pencil-vs-camera-pour-les-ecoles-300x293.jpg\" data-width=\"300\" data-height=\"293\" alt=\"Pencil Vs Camera in schools - learn Drawing - Apprendre le dessin - ben heine art pencil vs camera pour les ecoles\" ><\/div>\n\t\t\t\t\t\t\t\t\t\t\t\t\t\t<\/a>\n\t\t\t\t\t\t\t<a class=\"e-gallery-item elementor-gallery-item elementor-animated-content\" href=\"https:\/\/benheine.com\/wp-content\/uploads\/2024\/03\/Pencil-Vs-Camera-in-schools-learn-Drawing-Apprendre-le-dessin-ben-heine-art-pencil-vs-camera-pour-les-ecoles-3.jpg\" data-elementor-open-lightbox=\"yes\" data-elementor-lightbox-slideshow=\"all-0e1809d\" data-elementor-lightbox-title=\"Pencil Vs Camera in schools - learn Drawing - Apprendre le dessin - ben heine art pencil vs camera pour les ecoles 3\" data-elementor-lightbox-description=\"Pencil Vs Camera in schools - learn Drawing - Apprendre le dessin - ben heine art pencil vs camera pour les ecoles\" data-e-action-hash=\"#elementor-action%3Aaction%3Dlightbox%26settings%3DeyJpZCI6MzAzNTUsInVybCI6Imh0dHBzOlwvXC9iZW5oZWluZS5jb21cL3dwLWNvbnRlbnRcL3VwbG9hZHNcLzIwMjRcLzAzXC9QZW5jaWwtVnMtQ2FtZXJhLWluLXNjaG9vbHMtbGVhcm4tRHJhd2luZy1BcHByZW5kcmUtbGUtZGVzc2luLWJlbi1oZWluZS1hcnQtcGVuY2lsLXZzLWNhbWVyYS1wb3VyLWxlcy1lY29sZXMtMy5qcGciLCJzbGlkZXNob3ciOiJhbGwtMGUxODA5ZCJ9\">\n\t\t\t\t\t<div class=\"e-gallery-image elementor-gallery-item__image\" data-thumbnail=\"https:\/\/benheine.com\/wp-content\/uploads\/2024\/03\/Pencil-Vs-Camera-in-schools-learn-Drawing-Apprendre-le-dessin-ben-heine-art-pencil-vs-camera-pour-les-ecoles-3-300x200.jpg\" data-width=\"300\" data-height=\"200\" alt=\"Pencil Vs Camera in schools - learn Drawing - Apprendre le dessin - ben heine art pencil vs camera pour les ecoles\" ><\/div>\n\t\t\t\t\t\t\t\t\t\t\t\t\t\t<\/a>\n\t\t\t\t\t\t\t<a class=\"e-gallery-item elementor-gallery-item elementor-animated-content\" href=\"https:\/\/benheine.com\/wp-content\/uploads\/2018\/04\/Drawing-Lesson-children-Cours-de-dessin-enfants.jpg\" data-elementor-open-lightbox=\"yes\" data-elementor-lightbox-slideshow=\"all-0e1809d\" data-elementor-lightbox-title=\"Drawing Lesson children - Cours de dessin enfants\" data-elementor-lightbox-description=\"Pencil Vs Camera in schools - learn Drawing - Apprendre le dessin - ben heine art pencil vs camera pour les ecoles\" data-e-action-hash=\"#elementor-action%3Aaction%3Dlightbox%26settings%3DeyJpZCI6NjQ3OCwidXJsIjoiaHR0cHM6XC9cL2JlbmhlaW5lLmNvbVwvd3AtY29udGVudFwvdXBsb2Fkc1wvMjAxOFwvMDRcL0RyYXdpbmctTGVzc29uLWNoaWxkcmVuLUNvdXJzLWRlLWRlc3Npbi1lbmZhbnRzLmpwZyIsInNsaWRlc2hvdyI6ImFsbC0wZTE4MDlkIn0%3D\">\n\t\t\t\t\t<div class=\"e-gallery-image elementor-gallery-item__image\" data-thumbnail=\"https:\/\/benheine.com\/wp-content\/uploads\/2018\/04\/Drawing-Lesson-children-Cours-de-dessin-enfants-211x300.jpg\" data-width=\"211\" data-height=\"300\" alt=\"Pencil Vs Camera in schools - learn Drawing - Apprendre le dessin - ben heine art pencil vs camera pour les ecoles\" ><\/div>\n\t\t\t\t\t\t\t\t\t\t\t\t\t\t<\/a>\n\t\t\t\t\t\t\t<a class=\"e-gallery-item elementor-gallery-item elementor-animated-content\" href=\"https:\/\/benheine.com\/wp-content\/uploads\/2024\/03\/Pencil-Vs-Camera-in-schools-learn-Drawing-Apprendre-le-dessin-ben-heine-art-pencil-vs-camera-pour-les-ecoles-4.jpg\" data-elementor-open-lightbox=\"yes\" data-elementor-lightbox-slideshow=\"all-0e1809d\" data-elementor-lightbox-title=\"Pencil Vs Camera in schools - learn Drawing - Apprendre le dessin - ben heine art pencil vs camera pour les ecoles 4\" data-e-action-hash=\"#elementor-action%3Aaction%3Dlightbox%26settings%3DeyJpZCI6MzAzNTYsInVybCI6Imh0dHBzOlwvXC9iZW5oZWluZS5jb21cL3dwLWNvbnRlbnRcL3VwbG9hZHNcLzIwMjRcLzAzXC9QZW5jaWwtVnMtQ2FtZXJhLWluLXNjaG9vbHMtbGVhcm4tRHJhd2luZy1BcHByZW5kcmUtbGUtZGVzc2luLWJlbi1oZWluZS1hcnQtcGVuY2lsLXZzLWNhbWVyYS1wb3VyLWxlcy1lY29sZXMtNC5qcGciLCJzbGlkZXNob3ciOiJhbGwtMGUxODA5ZCJ9\">\n\t\t\t\t\t<div class=\"e-gallery-image elementor-gallery-item__image\" data-thumbnail=\"https:\/\/benheine.com\/wp-content\/uploads\/2024\/03\/Pencil-Vs-Camera-in-schools-learn-Drawing-Apprendre-le-dessin-ben-heine-art-pencil-vs-camera-pour-les-ecoles-4-300x200.jpg\" data-width=\"300\" data-height=\"200\" alt=\"\" ><\/div>\n\t\t\t\t\t\t\t\t\t\t\t\t\t\t<\/a>\n\t\t\t\t\t\t\t<a class=\"e-gallery-item elementor-gallery-item elementor-animated-content\" href=\"https:\/\/benheine.com\/wp-content\/uploads\/2018\/04\/Drawing-Lesson-children-Cours-de-dessin-enfants-2.jpg\" data-elementor-open-lightbox=\"yes\" data-elementor-lightbox-slideshow=\"all-0e1809d\" data-elementor-lightbox-title=\"Drawing Lesson children - Cours de dessin enfants 2\" data-elementor-lightbox-description=\"Pencil Vs Camera in schools - learn Drawing - Apprendre le dessin - ben heine art pencil vs camera pour les ecoles\" data-e-action-hash=\"#elementor-action%3Aaction%3Dlightbox%26settings%3DeyJpZCI6NjQ3NiwidXJsIjoiaHR0cHM6XC9cL2JlbmhlaW5lLmNvbVwvd3AtY29udGVudFwvdXBsb2Fkc1wvMjAxOFwvMDRcL0RyYXdpbmctTGVzc29uLWNoaWxkcmVuLUNvdXJzLWRlLWRlc3Npbi1lbmZhbnRzLTIuanBnIiwic2xpZGVzaG93IjoiYWxsLTBlMTgwOWQifQ%3D%3D\">\n\t\t\t\t\t<div class=\"e-gallery-image elementor-gallery-item__image\" data-thumbnail=\"https:\/\/benheine.com\/wp-content\/uploads\/2018\/04\/Drawing-Lesson-children-Cours-de-dessin-enfants-2-212x300.jpg\" data-width=\"212\" data-height=\"300\" alt=\"Pencil Vs Camera in schools - learn Drawing - Apprendre le dessin - ben heine art pencil vs camera pour les ecoles\" ><\/div>\n\t\t\t\t\t\t\t\t\t\t\t\t\t\t<\/a>\n\t\t\t\t\t\t\t<a class=\"e-gallery-item elementor-gallery-item elementor-animated-content\" href=\"https:\/\/benheine.com\/wp-content\/uploads\/2024\/03\/Pencil-Vs-Camera-in-schools-learn-Drawing-Apprendre-le-dessin-ben-heine-art-pencil-vs-camera-pour-les-ecoles-2.jpg\" data-elementor-open-lightbox=\"yes\" data-elementor-lightbox-slideshow=\"all-0e1809d\" data-elementor-lightbox-title=\"Pencil Vs Camera in schools - learn Drawing - Apprendre le dessin - ben heine art pencil vs camera pour les ecoles 2\" data-e-action-hash=\"#elementor-action%3Aaction%3Dlightbox%26settings%3DeyJpZCI6MzAzNTQsInVybCI6Imh0dHBzOlwvXC9iZW5oZWluZS5jb21cL3dwLWNvbnRlbnRcL3VwbG9hZHNcLzIwMjRcLzAzXC9QZW5jaWwtVnMtQ2FtZXJhLWluLXNjaG9vbHMtbGVhcm4tRHJhd2luZy1BcHByZW5kcmUtbGUtZGVzc2luLWJlbi1oZWluZS1hcnQtcGVuY2lsLXZzLWNhbWVyYS1wb3VyLWxlcy1lY29sZXMtMi5qcGciLCJzbGlkZXNob3ciOiJhbGwtMGUxODA5ZCJ9\">\n\t\t\t\t\t<div class=\"e-gallery-image elementor-gallery-item__image\" data-thumbnail=\"https:\/\/benheine.com\/wp-content\/uploads\/2024\/03\/Pencil-Vs-Camera-in-schools-learn-Drawing-Apprendre-le-dessin-ben-heine-art-pencil-vs-camera-pour-les-ecoles-2-300x200.jpg\" data-width=\"300\" data-height=\"200\" alt=\"\" ><\/div>\n\t\t\t\t\t\t\t\t\t\t\t\t\t\t<\/a>\n\t\t\t\t\t<\/div>\n\t\t\t\t\t<\/div>\n\t\t\t\t<\/div>\n\t\t\t\t<div class=\"elementor-element elementor-element-7c2bb6f elementor-widget elementor-widget-video\" data-id=\"7c2bb6f\" data-element_type=\"widget\" data-settings=\"{&quot;youtube_url&quot;:&quot;https:\\\/\\\/youtu.be\\\/PoBVvMtojRI?si=VkgzA9yvNH6q0b0G&quot;,&quot;video_type&quot;:&quot;youtube&quot;,&quot;controls&quot;:&quot;yes&quot;}\" data-widget_type=\"video.default\">\n\t\t\t\t<div class=\"elementor-widget-container\">\n\t\t\t\t\t\t\t<div class=\"elementor-wrapper elementor-open-inline\">\n\t\t\t<div class=\"elementor-video\"><\/div>\t\t<\/div>\n\t\t\t\t\t\t<\/div>\n\t\t\t\t<\/div>\n\t\t\t\t<div class=\"elementor-element elementor-element-7dd6aad elementor-invisible elementor-widget elementor-widget-heading\" data-id=\"7dd6aad\" data-element_type=\"widget\" data-settings=\"{&quot;_animation&quot;:&quot;fadeInUp&quot;}\" data-widget_type=\"heading.default\">\n\t\t\t\t<div class=\"elementor-widget-container\">\n\t\t\t\t\t<h2 class=\"elementor-heading-title elementor-size-default\">R\u00c9ALISATIONS D'\u00c9L\u00c8VES<\/h2>\t\t\t\t<\/div>\n\t\t\t\t<\/div>\n\t\t\t\t<div class=\"elementor-element elementor-element-aaff0d2 elementor-invisible elementor-widget elementor-widget-heading\" data-id=\"aaff0d2\" data-element_type=\"widget\" data-settings=\"{&quot;_animation&quot;:&quot;fadeInUp&quot;}\" data-widget_type=\"heading.default\">\n\t\t\t\t<div class=\"elementor-widget-container\">\n\t\t\t\t\t<h4 class=\"elementor-heading-title elementor-size-default\">Quelques r\u00e9sultats d\u2019\u00e9l\u00e8ves (<a style=\"color:#498EBB\" href=\"https:\/\/www.facebook.com\/media\/set\/?set=a.10153528286933616.1073741853.45292293615&amp;type=3\" target=\"_blank\" rel=\"noopener noreferrer\">voir davantage ici<\/a>)<\/h4>\t\t\t\t<\/div>\n\t\t\t\t<\/div>\n\t\t\t\t<section class=\"elementor-section elementor-inner-section elementor-element elementor-element-eaf0485 elementor-section-boxed elementor-section-height-default elementor-section-height-default elementor-invisible\" data-id=\"eaf0485\" data-element_type=\"section\" data-settings=\"{&quot;animation&quot;:&quot;fadeInUp&quot;}\">\n\t\t\t\t\t\t<div class=\"elementor-container elementor-column-gap-default\">\n\t\t\t\t\t<div class=\"elementor-column elementor-col-33 elementor-inner-column elementor-element elementor-element-8e7d50b\" data-id=\"8e7d50b\" data-element_type=\"column\">\n\t\t\t<div class=\"elementor-widget-wrap elementor-element-populated\">\n\t\t\t\t\t\t<div class=\"elementor-element elementor-element-6a4f37f elementor-widget elementor-widget-html\" data-id=\"6a4f37f\" data-element_type=\"widget\" data-widget_type=\"html.default\">\n\t\t\t\t<div class=\"elementor-widget-container\">\n\t\t\t\t\t<iframe src=\"https:\/\/www.facebook.com\/plugins\/post.php?href=https%3A%2F%2Fwww.facebook.com%2Fbenheine.official%2Fposts%2Fpfbid08AcyAGS4sQ1iGPUzKMKpMYJL1Nb8xMLStkYNb2nmLC4JVvrbjT1djYJXA1s2ADDjl&show_text=true&width=500\" width=\"500\" height=\"550\" style=\"border:none;overflow:hidden\" scrolling=\"no\" frameborder=\"0\" allowfullscreen=\"true\" allow=\"autoplay; clipboard-write; encrypted-media; picture-in-picture; web-share\"><\/iframe>\t\t\t\t<\/div>\n\t\t\t\t<\/div>\n\t\t\t\t\t<\/div>\n\t\t<\/div>\n\t\t\t\t<div class=\"elementor-column elementor-col-33 elementor-inner-column elementor-element elementor-element-b2bb971\" data-id=\"b2bb971\" data-element_type=\"column\">\n\t\t\t<div class=\"elementor-widget-wrap elementor-element-populated\">\n\t\t\t\t\t\t<div class=\"elementor-element elementor-element-c7ba29d elementor-widget elementor-widget-html\" data-id=\"c7ba29d\" data-element_type=\"widget\" data-widget_type=\"html.default\">\n\t\t\t\t<div class=\"elementor-widget-container\">\n\t\t\t\t\t<iframe src=\"https:\/\/www.facebook.com\/plugins\/post.php?href=https%3A%2F%2Fwww.facebook.com%2Fbenheine.official%2Fposts%2Fpfbid024XJHQ7m6sw1iGYNTEy8bvp2fTSjPLf7du3yAMLGPdEWTzJhsg5A63Rga5xKPEuV3l&show_text=true&width=500\" width=\"500\" height=\"550\" style=\"border:none;overflow:hidden\" scrolling=\"no\" frameborder=\"0\" allowfullscreen=\"true\" allow=\"autoplay; clipboard-write; encrypted-media; picture-in-picture; web-share\"><\/iframe>\t\t\t\t<\/div>\n\t\t\t\t<\/div>\n\t\t\t\t\t<\/div>\n\t\t<\/div>\n\t\t\t\t<div class=\"elementor-column elementor-col-33 elementor-inner-column elementor-element elementor-element-016f36b\" data-id=\"016f36b\" data-element_type=\"column\">\n\t\t\t<div class=\"elementor-widget-wrap elementor-element-populated\">\n\t\t\t\t\t\t<div class=\"elementor-element elementor-element-a4af3a7 elementor-widget elementor-widget-html\" data-id=\"a4af3a7\" data-element_type=\"widget\" data-widget_type=\"html.default\">\n\t\t\t\t<div class=\"elementor-widget-container\">\n\t\t\t\t\t<iframe src=\"https:\/\/www.facebook.com\/plugins\/post.php?href=https%3A%2F%2Fwww.facebook.com%2Fbenheine.official%2Fposts%2Fpfbid04JdZ2bUJnMUi8qUgpeyNoYJvea9Uj5n2zE1vrfeyfRdjbbsw8KtNMKt2p8TGa7uAl&show_text=true&width=500\" width=\"500\" height=\"632\" style=\"border:none;overflow:hidden\" scrolling=\"no\" frameborder=\"0\" allowfullscreen=\"true\" allow=\"autoplay; clipboard-write; encrypted-media; picture-in-picture; web-share\"><\/iframe>\t\t\t\t<\/div>\n\t\t\t\t<\/div>\n\t\t\t\t\t<\/div>\n\t\t<\/div>\n\t\t\t\t\t<\/div>\n\t\t<\/section>\n\t\t\t\t<div class=\"elementor-element elementor-element-c02b9df elementor-invisible elementor-widget elementor-widget-heading\" data-id=\"c02b9df\" data-element_type=\"widget\" data-settings=\"{&quot;_animation&quot;:&quot;fadeInUp&quot;}\" data-widget_type=\"heading.default\">\n\t\t\t\t<div class=\"elementor-widget-container\">\n\t\t\t\t\t<h2 class=\"elementor-heading-title elementor-size-default\">ATELIERS PAR BEN HEINE<\/h2>\t\t\t\t<\/div>\n\t\t\t\t<\/div>\n\t\t\t\t<div class=\"elementor-element elementor-element-5c91405 elementor-invisible elementor-widget elementor-widget-text-editor\" data-id=\"5c91405\" data-element_type=\"widget\" data-settings=\"{&quot;_animation&quot;:&quot;fadeInUp&quot;}\" data-widget_type=\"text-editor.default\">\n\t\t\t\t<div class=\"elementor-widget-container\">\n\t\t\t\t\t\t\t\t\t<p>Ben Heine donne des ateliers, cours et conf\u00e9rences d&rsquo;art et de cr\u00e9ativit\u00e9 dans des \u00e9coles, universit\u00e9s et centres culturels du monde entier. Pour recevoir un devis ou pour plus d&rsquo;informations sur la mani\u00e8re dont Ben Heine peut interagir avec votre \u00e9cole, visitez\u00a0<a href=\"https:\/\/benheine.com\/fr\/ateliers-cours-de-dessin\/\" target=\"_blank\" rel=\"noopener\">cette page<\/a>\u00a0ou contactez info@benheine.com. De nombreuses \u00e9coles associ\u00e9es, acad\u00e9mies et instituts d&rsquo;enseignement dans le monde enseignent le concept cr\u00e9atif Pencil Vs Camera et les techniques cr\u00e9atives de Ben Heine pour aider les \u00e9tudiants \u00e0 stimuler leur imagination, \u00e0 d\u00e9velopper leurs comp\u00e9tences en dessin et en photographie, \u00e0 les encourager \u00e0 utiliser les nouvelles technologies et \u00e0 les motiver \u00e0 communiquer diff\u00e9remment.<\/p>\t\t\t\t\t\t\t\t<\/div>\n\t\t\t\t<\/div>\n\t\t\t\t<div class=\"elementor-element elementor-element-66248ff elementor-widget elementor-widget-video\" data-id=\"66248ff\" data-element_type=\"widget\" data-settings=\"{&quot;youtube_url&quot;:&quot;https:\\\/\\\/youtu.be\\\/06JR3O28DcE?si=doyHwF3QDNNRQixf&quot;,&quot;video_type&quot;:&quot;youtube&quot;,&quot;controls&quot;:&quot;yes&quot;}\" data-widget_type=\"video.default\">\n\t\t\t\t<div class=\"elementor-widget-container\">\n\t\t\t\t\t\t\t<div class=\"elementor-wrapper elementor-open-inline\">\n\t\t\t<div class=\"elementor-video\"><\/div>\t\t<\/div>\n\t\t\t\t\t\t<\/div>\n\t\t\t\t<\/div>\n\t\t\t\t<div class=\"elementor-element elementor-element-90a172b elementor-invisible elementor-widget elementor-widget-heading\" data-id=\"90a172b\" data-element_type=\"widget\" data-settings=\"{&quot;_animation&quot;:&quot;fadeInUp&quot;}\" data-widget_type=\"heading.default\">\n\t\t\t\t<div class=\"elementor-widget-container\">\n\t\t\t\t\t<h2 class=\"elementor-heading-title elementor-size-default\">\u00c9COLES PARTENAIRES<\/h2>\t\t\t\t<\/div>\n\t\t\t\t<\/div>\n\t\t\t\t<div class=\"elementor-element elementor-element-b3ad297 elementor-invisible elementor-widget elementor-widget-text-editor\" data-id=\"b3ad297\" data-element_type=\"widget\" data-settings=\"{&quot;_animation&quot;:&quot;fadeInUp&quot;}\" data-widget_type=\"text-editor.default\">\n\t\t\t\t<div class=\"elementor-widget-container\">\n\t\t\t\t\t\t\t\t\t<p><strong>Ben Heine a donn\u00e9 des ateliers et des conf\u00e9rences dans les \u00e9coles, universit\u00e9s et institutions suivantes (non exhaustif):<\/strong><\/p>\t\t\t\t\t\t\t\t<\/div>\n\t\t\t\t<\/div>\n\t\t\t\t<section class=\"elementor-section elementor-inner-section elementor-element elementor-element-614e6f8 elementor-section-boxed elementor-section-height-default elementor-section-height-default\" data-id=\"614e6f8\" data-element_type=\"section\">\n\t\t\t\t\t\t<div class=\"elementor-container elementor-column-gap-default\">\n\t\t\t\t\t<div class=\"elementor-column elementor-col-50 elementor-inner-column elementor-element elementor-element-6ae38fe\" data-id=\"6ae38fe\" data-element_type=\"column\">\n\t\t\t<div class=\"elementor-widget-wrap elementor-element-populated\">\n\t\t\t\t\t\t<div class=\"elementor-element elementor-element-f60987f elementor-widget elementor-widget-text-editor\" data-id=\"f60987f\" data-element_type=\"widget\" data-widget_type=\"text-editor.default\">\n\t\t\t\t<div class=\"elementor-widget-container\">\n\t\t\t\t\t\t\t\t\t<p><span style=\"white-space-collapse: preserve;\">&#8211; Collingwood School (Canada)<\/span><br \/><span style=\"white-space-collapse: preserve;\">&#8211; Lyc\u00e9e Agricole Le Balcon des Ardennes (France)<\/span><br \/><span style=\"white-space-collapse: preserve;\">&#8211; Coll\u00e8ge Saint Vincent (Belgium)<\/span><br \/><span style=\"white-space-collapse: preserve;\">&#8211; Seoul University (South Korea)<\/span><br \/><span style=\"white-space-collapse: preserve;\">&#8211; Mashrek International School (Jordan)<\/span><br \/><span style=\"white-space-collapse: preserve;\">&#8211; Royal St. George&rsquo;s College (Canada)<\/span><br \/><span style=\"white-space-collapse: preserve;\">&#8211; \u00c9cole Fran\u00e7aise VAUBAN (Luxembourg)<\/span><br \/><span style=\"white-space-collapse: preserve;\">&#8211; Cr\u00eates Pr\u00e9ardennaises (France)<\/span><br \/><span style=\"white-space-collapse: preserve;\">&#8211; Col\u00e9gio Medianeira (Brazil)<\/span><br \/><span style=\"white-space-collapse: preserve;\">&#8211; Biblioth\u00e8que Provinciale de La Louvi\u00e8re (Belgium)<\/span><br \/><span style=\"white-space-collapse: preserve;\">&#8211; Planetarium of Moscow (Russia)<\/span><br \/><span style=\"white-space-collapse: preserve;\">&#8211; The King Solomon School (Israel)<\/span><br \/><span style=\"white-space-collapse: preserve;\">&#8211; Ecole 13 Molenbeek (Belgium)<\/span><br \/><span style=\"white-space-collapse: preserve;\">&#8211; Ecole Communale d&rsquo;\u00c9prave (Belgium)<\/span><br \/><span style=\"white-space-collapse: preserve;\">&#8211; Max Art School (Canada)<\/span><br \/><span style=\"white-space-collapse: preserve;\">&#8211; KCD School Denderleeuw (Belgium)<\/span><br \/><span style=\"white-space-collapse: preserve;\">&#8211; Ecole Burbach (France)<\/span><br \/><span style=\"white-space-collapse: preserve;\">&#8211; The Arty Teacher(United Kingdom)<\/span><br \/><span style=\"white-space-collapse: preserve;\">&#8211; FTD Educa\u00e7\u00e3o (Brazil)<\/span><br \/><span style=\"white-space-collapse: preserve;\">&#8211; Beijing City International School (China)<\/span><br \/><span style=\"white-space-collapse: preserve;\">&#8211; Bede&rsquo;s School (United Kingdom)<\/span><br \/><span style=\"white-space-collapse: preserve;\">&#8211; Poliedro Sistema de Ensino (Brazil)<\/span><br \/><span style=\"white-space-collapse: preserve;\">&#8211; Max Art School (Canada)<\/span><br \/><span style=\"white-space-collapse: preserve;\">&#8211; Haute \u00c9cole Albert Jacquard (Belgium)<\/span><br \/><span style=\"white-space-collapse: preserve;\">&#8211; St. Mel Catholic School (United States)<\/span><br \/><span style=\"white-space-collapse: preserve;\">&#8211; Acad\u00e9mie de Cr\u00e9teil (France)<\/span><br \/><span style=\"white-space-collapse: preserve;\">&#8211; Academy of Art University (United States)<\/span><br \/><span style=\"white-space-collapse: preserve;\">&#8211; Laude Newton College (Spain)<\/span><br \/><span style=\"white-space-collapse: preserve;\">&#8211; Acad\u00e9mie de Grenoble (France)<br \/>&#8211; Colegio Menor (Ecuador)<br \/><\/span><\/p><p>\u00a0<\/p>\t\t\t\t\t\t\t\t<\/div>\n\t\t\t\t<\/div>\n\t\t\t\t\t<\/div>\n\t\t<\/div>\n\t\t\t\t<div class=\"elementor-column elementor-col-50 elementor-inner-column elementor-element elementor-element-89d0b82\" data-id=\"89d0b82\" data-element_type=\"column\">\n\t\t\t<div class=\"elementor-widget-wrap elementor-element-populated\">\n\t\t\t\t\t\t<div class=\"elementor-element elementor-element-1996ccc pencil_asso_list_fr elementor-widget elementor-widget-text-editor\" data-id=\"1996ccc\" data-element_type=\"widget\" data-widget_type=\"text-editor.default\">\n\t\t\t\t<div class=\"elementor-widget-container\">\n\t\t\t\t\t\t\t\t\t<p><span style=\"white-space-collapse: preserve;\">&#8211; Ecole St Jacques de Compostelle (France)<br \/>&#8211; Acad\u00e9mie de Clermont-Ferrand (France)<br \/>&#8211; Dover College (United Kingdom)<br \/>&#8211; M\u00e9diath\u00e8que de Miramas (France)<br \/>&#8211; Lander Valley High School (UK)<br \/>&#8211; New Hope School (London, UK)<br \/>&#8211; Ecole Evilard (Suisse)<br \/>&#8211; Ecole Renaudeau (France)<br \/>&#8211; Ecole St Jean le Vieux (France)<br \/>&#8211; Ecole de la Flotte en R\u00e9 (France)<br \/>&#8211; Ecole Lamartine Dunkerque (France)<br \/>&#8211; Ecole Coligny Poitier (France)<br \/>&#8211; Ecole St Jacques de Compostelle (France)<br \/>&#8211; Ecole Serge Lefranc (France)<br \/>&#8211; Ecole du Sacr\u00e9 Coeur (France)<br \/>&#8211; Ecole de Mirambeau (France)<br \/>&#8211; Notre Dame de Camp\u00e9n\u00e9ac (France)<br \/>&#8211; Ecole Publique Saint Martin (France)<br \/>&#8211; Ecole Sainte Agnes (France)<br \/>&#8211; Acad\u00e9mie de Nantes (France)<br \/>&#8211; Ecole de Scorb\u00e9-Clairvaux (France)<\/span><br \/><span style=\"white-space-collapse: preserve;\">&#8211; A l&rsquo;\u00e9cole de Barbara (France)<\/span><br \/><span style=\"white-space-collapse: preserve;\">&#8211; Ecole Palmyr Uld\u00e9ric Cordier (France)<\/span><br \/><span style=\"white-space-collapse: preserve;\">&#8211; Ecole St Joseph &#8211; SAFFRE (France<\/span><br \/><span style=\"white-space-collapse: preserve;\">&#8211; Coll\u00e8ge F. Garandeau (France)<\/span><br \/><span style=\"white-space-collapse: preserve;\">&#8211; Acad\u00e9mie de Potiers (France)<\/span><br \/><span style=\"white-space-collapse: preserve;\">&#8211; Acad\u00e9mie de Dijon (France)<\/span><br \/><span style=\"white-space-collapse: preserve;\">&#8211; Ecole de Cheney (France)<\/span><br \/><span style=\"white-space-collapse: preserve;\">&#8211; Coll\u00e8ge les Hauts du Saffimbec (France)<\/span><\/p>\t\t\t\t\t\t\t\t<\/div>\n\t\t\t\t<\/div>\n\t\t\t\t\t<\/div>\n\t\t<\/div>\n\t\t\t\t\t<\/div>\n\t\t<\/section>\n\t\t\t\t<div class=\"elementor-element elementor-element-f0fd0a4 elementor-widget elementor-widget-image\" data-id=\"f0fd0a4\" data-element_type=\"widget\" data-widget_type=\"image.default\">\n\t\t\t\t<div class=\"elementor-widget-container\">\n\t\t\t\t\t\t\t\t\t\t\t\t\t\t\t<img loading=\"lazy\" decoding=\"async\" width=\"1900\" height=\"588\" src=\"https:\/\/benheine.com\/wp-content\/uploads\/2024\/01\/Pencil-Vs-Camera-in-Schools-Ben-Heine.jpg\" class=\"attachment-full size-full wp-image-27556\" alt=\"Ben Heine gives art and creativity workshops, lessons and conferences for schools, universities and cultural centers around the world.\" srcset=\"https:\/\/benheine.com\/wp-content\/uploads\/2024\/01\/Pencil-Vs-Camera-in-Schools-Ben-Heine.jpg 1900w, https:\/\/benheine.com\/wp-content\/uploads\/2024\/01\/Pencil-Vs-Camera-in-Schools-Ben-Heine-300x93.jpg 300w, https:\/\/benheine.com\/wp-content\/uploads\/2024\/01\/Pencil-Vs-Camera-in-Schools-Ben-Heine-1024x317.jpg 1024w, https:\/\/benheine.com\/wp-content\/uploads\/2024\/01\/Pencil-Vs-Camera-in-Schools-Ben-Heine-768x238.jpg 768w, https:\/\/benheine.com\/wp-content\/uploads\/2024\/01\/Pencil-Vs-Camera-in-Schools-Ben-Heine-1536x475.jpg 1536w, https:\/\/benheine.com\/wp-content\/uploads\/2024\/01\/Pencil-Vs-Camera-in-Schools-Ben-Heine-600x186.jpg 600w\" sizes=\"(max-width: 1900px) 100vw, 1900px\" \/>\t\t\t\t\t\t\t\t\t\t\t\t\t\t\t<\/div>\n\t\t\t\t<\/div>\n\t\t\t\t<div class=\"elementor-element elementor-element-3795f01 elementor-widget elementor-widget-video\" data-id=\"3795f01\" data-element_type=\"widget\" data-settings=\"{&quot;youtube_url&quot;:&quot;https:\\\/\\\/youtu.be\\\/k5-ZG2yvU_w?si=WcGaIUni8LyAUrOz&quot;,&quot;video_type&quot;:&quot;youtube&quot;,&quot;controls&quot;:&quot;yes&quot;}\" data-widget_type=\"video.default\">\n\t\t\t\t<div class=\"elementor-widget-container\">\n\t\t\t\t\t\t\t<div class=\"elementor-wrapper elementor-open-inline\">\n\t\t\t<div class=\"elementor-video\"><\/div>\t\t<\/div>\n\t\t\t\t\t\t<\/div>\n\t\t\t\t<\/div>\n\t\t\t\t<div class=\"elementor-element elementor-element-960b02c elementor-invisible elementor-widget elementor-widget-heading\" data-id=\"960b02c\" data-element_type=\"widget\" data-settings=\"{&quot;_animation&quot;:&quot;fadeInUp&quot;}\" data-widget_type=\"heading.default\">\n\t\t\t\t<div class=\"elementor-widget-container\">\n\t\t\t\t\t<h2 class=\"elementor-heading-title elementor-size-default\">EXEMPLE d'APPLICATION 1<\/h2>\t\t\t\t<\/div>\n\t\t\t\t<\/div>\n\t\t\t\t<div class=\"elementor-element elementor-element-0c469b7 elementor-invisible elementor-widget elementor-widget-heading\" data-id=\"0c469b7\" data-element_type=\"widget\" data-settings=\"{&quot;_animation&quot;:&quot;fadeInUp&quot;}\" data-widget_type=\"heading.default\">\n\t\t\t\t<div class=\"elementor-widget-container\">\n\t\t\t\t\t<h4 class=\"elementor-heading-title elementor-size-default\">PROC\u00c9DURES<\/h4>\t\t\t\t<\/div>\n\t\t\t\t<\/div>\n\t\t\t\t<div class=\"elementor-element elementor-element-faac54d elementor-invisible elementor-widget elementor-widget-text-editor\" data-id=\"faac54d\" data-element_type=\"widget\" data-settings=\"{&quot;_animation&quot;:&quot;fadeInUp&quot;}\" data-widget_type=\"text-editor.default\">\n\t\t\t\t<div class=\"elementor-widget-container\">\n\t\t\t\t\t\t\t\t\t<p><span style=\"white-space-collapse: preserve;\">Dans les \u00e9coles, le concept Pencil Vs Cam\u00e9ra est pr\u00e9sent\u00e9 \u00e0 travers une s\u00e9rie d&rsquo;ateliers et de projets collaboratifs. Les retours des \u00e9ducateurs et des \u00e9l\u00e8ves ont \u00e9t\u00e9 extr\u00eamement positifs, soulignant le succ\u00e8s du projet dans l&rsquo;inspiration de la prochaine g\u00e9n\u00e9ration de penseurs cr\u00e9atifs.<\/span><\/p><p><span style=\"white-space-collapse: preserve;\">Les \u00e9l\u00e8ves apprendront \u00e0 dessiner d&rsquo;observation, tout en faisant appel \u00e0 leur imagination. Ils acquerront des comp\u00e9tences de base en dessin et en photographie pour repr\u00e9senter un lieu sp\u00e9cifique de leur ville ou \u00e9cole. Ils utiliseront ensuite avec succ\u00e8s la ligne, la forme et la valeur pour cr\u00e9er une illustration qui ajoute une touche cr\u00e9ative ou humoristique \u00e0 leur photographie. Les r\u00e8gles structurales et les conventions d&rsquo;une forme d&rsquo;art servent \u00e0 la fois de fondation et de point de d\u00e9part pour la cr\u00e9ativit\u00e9. La cognition et la r\u00e9flexion sont n\u00e9cessaires pour appr\u00e9cier, interpr\u00e9ter et cr\u00e9er.<\/span><\/p><p><span style=\"white-space-collapse: preserve;\">Le concept <\/span><span style=\"white-space-collapse: preserve;\">Pencil Vs Cam\u00e9ra<\/span><span style=\"white-space-collapse: preserve;\"> de Ben Heine peut \u00e9galement \u00eatre utilis\u00e9 dans d&rsquo;autres disciplines que les cours d&rsquo;Art, par exemple dans le cadre de le\u00e7ons de Langues, Math\u00e9matiques, Histoire, G\u00e9ographie, Philosophie, Communication ou Politique. Les \u00e9l\u00e8ves seront \u00e9valu\u00e9s sur leurs comp\u00e9tences effectives en dessin et en photographie, la cr\u00e9ativit\u00e9 (cr\u00e9er et compl\u00e9ter une illustration imaginative qui \u00ab\u00a0continue la photographie\u00a0\u00bb) et la valeur ajout\u00e9e humaine, en utilisant un bon savoir-faire, en suivant les instructions et en participant. Cette le\u00e7on pourrait probablement bien introduire une le\u00e7on sur le mouvement Dada ou le Surr\u00e9alisme.<\/span><\/p><p><span style=\"white-space-collapse: preserve;\"><b>D\u00e9monstrations Interactives<\/b> : Heine ou les enseignants pr\u00e9sentent le concept, partageant des aper\u00e7us sur le processus cr\u00e9atif et les id\u00e9es qui le sous-tendent.<\/span><\/p><p><span style=\"white-space-collapse: preserve;\"><b>Sessions Pratiques<\/b> : Les \u00e9l\u00e8ves ont l&rsquo;opportunit\u00e9 de cr\u00e9er leur propre \u0153uvre <\/span><span style=\"white-space-collapse: preserve;\">Pencil Vs Cam\u00e9ra<\/span><span style=\"white-space-collapse: preserve;\">, appliquant ce qu&rsquo;ils ont appris dans un environnement cr\u00e9atif.<\/span><\/p><p><span style=\"white-space-collapse: preserve;\"><b>Projets de Groupe<\/b> : Encourageant la collaboration, les \u00e9l\u00e8ves travaillent en \u00e9quipes pour d\u00e9velopper des projets \u00e0 plus grande \u00e9chelle, favorisant le travail d&rsquo;\u00e9quipe et les comp\u00e9tences en communication.<\/span><\/p><p><span style=\"white-space-collapse: preserve;\"><b>Expositions<\/b> : Les travaux des \u00e9l\u00e8ves sont c\u00e9l\u00e9br\u00e9s et expos\u00e9s lors d&rsquo;expositions scolaires, offrant une plateforme aux jeunes artistes pour pr\u00e9senter leur cr\u00e9ativit\u00e9 \u00e0 leurs pairs, parents et \u00e0 la communaut\u00e9 \u00e9largie.<\/span><\/p>\t\t\t\t\t\t\t\t<\/div>\n\t\t\t\t<\/div>\n\t\t\t\t<div class=\"elementor-element elementor-element-6fa7618 elementor-invisible elementor-widget elementor-widget-heading\" data-id=\"6fa7618\" data-element_type=\"widget\" data-settings=\"{&quot;_animation&quot;:&quot;fadeInUp&quot;}\" data-widget_type=\"heading.default\">\n\t\t\t\t<div class=\"elementor-widget-container\">\n\t\t\t\t\t<h4 class=\"elementor-heading-title elementor-size-default\">oBJECTIFS<\/h4>\t\t\t\t<\/div>\n\t\t\t\t<\/div>\n\t\t\t\t<div class=\"elementor-element elementor-element-feb35a0 elementor-invisible elementor-widget elementor-widget-text-editor\" data-id=\"feb35a0\" data-element_type=\"widget\" data-settings=\"{&quot;_animation&quot;:&quot;fadeInUp&quot;}\" data-widget_type=\"text-editor.default\">\n\t\t\t\t<div class=\"elementor-widget-container\">\n\t\t\t\t\t\t\t\t\t<p><span style=\"white-space-collapse: preserve;\">Voici quelques objectifs qui peuvent \u00eatre atteints en utilisant ce concept :<\/span><br \/><br \/><span style=\"white-space-collapse: preserve;\"><b>Favoriser la cr\u00e9ativit\u00e9<\/b> : En impliquant les \u00e9tudiants dans cette forme d&rsquo;art, Heine les encourage \u00e0 penser hors des sentiers battus, m\u00ealant leur environnement \u00e0 leur imagination pour cr\u00e9er quelque chose de vraiment unique.<\/span><br \/><br \/><span style=\"white-space-collapse: preserve;\"><b>Am\u00e9liorer les comp\u00e9tences en communication<\/b> : Ce projet enseigne aux \u00e9tudiants une nouvelle forme d&rsquo;expression, leur permettant de transmettre des id\u00e9es complexes et des \u00e9motions \u00e0 travers une combinaison de photographie et de dessin.<\/span><br \/><br \/><span style=\"white-space-collapse: preserve;\"><b>D\u00e9velopper des comp\u00e9tences techniques<\/b> : Les \u00e9tudiants apprennent les subtilit\u00e9s de la photographie ainsi que les techniques de dessin de base \u00e0 avanc\u00e9es, les dotant d&rsquo;un ensemble de comp\u00e9tences \u00e9tendu.<\/span><br \/><br \/><span style=\"white-space-collapse: preserve;\"><b>Promouvoir la pens\u00e9e critique<\/b> : En analysant et en interpr\u00e9tant leurs propres cr\u00e9ations et celles de leurs pairs, les \u00e9tudiants renforcent leurs capacit\u00e9s de pens\u00e9e critique.<\/span><\/p>\t\t\t\t\t\t\t\t<\/div>\n\t\t\t\t<\/div>\n\t\t\t\t<div class=\"elementor-element elementor-element-cfe4b53 elementor-invisible elementor-widget elementor-widget-heading\" data-id=\"cfe4b53\" data-element_type=\"widget\" data-settings=\"{&quot;_animation&quot;:&quot;fadeInUp&quot;}\" data-widget_type=\"heading.default\">\n\t\t\t\t<div class=\"elementor-widget-container\">\n\t\t\t\t\t<h4 class=\"elementor-heading-title elementor-size-default\">EXEMPLE<\/h4>\t\t\t\t<\/div>\n\t\t\t\t<\/div>\n\t\t\t\t<div class=\"elementor-element elementor-element-b3891e4 elementor-invisible elementor-widget elementor-widget-text-editor\" data-id=\"b3891e4\" data-element_type=\"widget\" data-settings=\"{&quot;_animation&quot;:&quot;fadeInUp&quot;}\" data-widget_type=\"text-editor.default\">\n\t\t\t\t<div class=\"elementor-widget-container\">\n\t\t\t\t\t\t\t\t\t<ul><li>Montrer aux \u00e9tudiants diff\u00e9rentes images de la s\u00e9rie \u00ab Pencil vs Camera \u00bb de Ben Heine<\/li><li>Discuter avec eux des illustrations et de la m\u00e9thode \u00e0 utiliser pour combiner dessin cr\u00e9atif et photo.<\/li><li>Enseigner l\u2019ABC de la photo (perspective, cadrage, composition\u2026).<\/li><li>Envoyer les \u00e9l\u00e8ves prendre des photos pr\u00e8s de chez eux avec leur smartphone ou n\u2019importe quel autre appareil prenant des photos.<\/li><li>Encourager les \u00e9l\u00e8ves \u00e0 penser de mani\u00e8re anticipative en r\u00e9fl\u00e9chissant \u00e0 l\u2019avance quel type de dessin ils vont placer au dessus de leur photo.<\/li><li>Une fois que les photos sont imprim\u00e9es, leur montrer comment on d\u00e9chire un morceau de papier et le d\u00e9poser sur la photo. Encourager les \u00e9l\u00e8ves \u00e0 choisir l\u2019endroit le plus int\u00e9ressant dans la photo, l\u00e0 ou l\u2019image va \u00eatre modifi\u00e9e par le dessin.<\/li><li>Expliquer aux \u00e9l\u00e8ves ce que cela signifie de changer la r\u00e9alit\u00e9 et d\u2019ajouter un \u00e9l\u00e9ment imaginatif \u00e0 la photo. Leur montrer quelques exemples de r\u00e9alisations.<\/li><li>Enseigner l\u2019ABC du dessin aux \u00e9l\u00e8ves (perspective, dessin au trait, ombres, d\u00e9grad\u00e9s\u2026).<\/li><li>Les \u00e9l\u00e8ves choisissent les photos qu\u2019ils pr\u00e9f\u00e8rent, ils discutent entre eux des meilleures id\u00e9es \u00e0 d\u00e9velopper et \u00e0 associer aux photos. Une fois les id\u00e9es choisies, ils peuvent commencer \u00e0 travailler.<\/li><li>Les \u00e9l\u00e8ves collent le morceau de papier sur la photo \u00e0 l\u2019aide de colle ou de scotch.<\/li><li>Ils r\u00e9alisent le dessin au crayon en compl\u00e9tant de mani\u00e8re cr\u00e9ative ou humoristique sur le papier la partie manquante de la photo. Ils peuvent utiliser des r\u00e9f\u00e9rences si n\u00e9cessaire.<\/li><li>Une fois termin\u00e9es, les cr\u00e9ations sont montr\u00e9es \u00e0 toute la classe et les auteurs partagent ce qu\u2019il ont voulu exprimer.<\/li><li>Ce cours peut \u00eatre li\u00e9 \u00e0 l\u2019\u00e9tude du dessin, de la photo, du mouvement surr\u00e9aliste, du dadaisme etc<\/li><\/ul>\t\t\t\t\t\t\t\t<\/div>\n\t\t\t\t<\/div>\n\t\t\t\t<div class=\"elementor-element elementor-element-c1cf2ca elementor-invisible elementor-widget elementor-widget-shortcode\" data-id=\"c1cf2ca\" data-element_type=\"widget\" data-settings=\"{&quot;_animation&quot;:&quot;fadeInUp&quot;}\" data-widget_type=\"shortcode.default\">\n\t\t\t\t<div class=\"elementor-widget-container\">\n\t\t\t\t\t\t\t<div class=\"elementor-shortcode\"><div data-yt data-yt-source-groups=\"%5B%7B%22name%22%3A%22%22%2C%22sources%22%3A%5B%22https%3A%5C%2F%5C%2Fwww.youtube.com%5C%2Fplaylist%3Flist%3DPLGCn7slqglEA-iJbA9ms92zPt48NbMn30%22%5D%7D%5D\" data-yt-cache-time=\"300\" data-yt-groups-visible=\"false\" data-yt-key=\"AIzaSyCIvT2iKLf1QThGy7Tiy9G8EPdE6vrivvY\"><\/div><\/div>\n\t\t\t\t\t\t<\/div>\n\t\t\t\t<\/div>\n\t\t\t\t<div class=\"elementor-element elementor-element-0ca0c17 elementor-invisible elementor-widget elementor-widget-heading\" data-id=\"0ca0c17\" data-element_type=\"widget\" data-settings=\"{&quot;_animation&quot;:&quot;fadeInUp&quot;}\" data-widget_type=\"heading.default\">\n\t\t\t\t<div class=\"elementor-widget-container\">\n\t\t\t\t\t<h2 class=\"elementor-heading-title elementor-size-default\">EXEMPLE d'APPLICATION 2<\/h2>\t\t\t\t<\/div>\n\t\t\t\t<\/div>\n\t\t\t\t<div class=\"elementor-element elementor-element-da93252 elementor-invisible elementor-widget elementor-widget-text-editor\" data-id=\"da93252\" data-element_type=\"widget\" data-settings=\"{&quot;_animation&quot;:&quot;fadeInUp&quot;}\" data-widget_type=\"text-editor.default\">\n\t\t\t\t<div class=\"elementor-widget-container\">\n\t\t\t\t\t\t\t\t\t<p>Voici une autre fiche p\u00e9dagogique exploitant le concept de Ben Heine pour des \u00e9l\u00e8ves de 13 \u00e0 17 ans ans. La fiche a \u00e9t\u00e9 r\u00e9alis\u00e9e en collaboration avec Madame Mahasti Mofazali de la Collingwood School (en Colombie britannique). Elle peut \u00eatre utilis\u00e9e dans le cadre d\u2019un cours de fran\u00e7ais pour des gens parlant une autre langue mais aussi pour un cours de dessin.<\/p>\t\t\t\t\t\t\t\t<\/div>\n\t\t\t\t<\/div>\n\t\t\t\t\t<\/div>\n\t\t<\/div>\n\t\t\t\t\t<\/div>\n\t\t<\/section>\n\t\t\t\t<section class=\"elementor-section elementor-top-section elementor-element elementor-element-be8f3f6 elementor-section-boxed elementor-section-height-default elementor-section-height-default elementor-invisible\" data-id=\"be8f3f6\" data-element_type=\"section\" data-settings=\"{&quot;animation&quot;:&quot;fadeInUp&quot;}\">\n\t\t\t\t\t\t<div class=\"elementor-container elementor-column-gap-extended\">\n\t\t\t\t\t<div class=\"elementor-column elementor-col-50 elementor-top-column elementor-element elementor-element-d90f3f6\" data-id=\"d90f3f6\" data-element_type=\"column\">\n\t\t\t<div class=\"elementor-widget-wrap elementor-element-populated\">\n\t\t\t\t\t\t<div class=\"elementor-element elementor-element-6faa801 elementor-widget elementor-widget-heading\" data-id=\"6faa801\" data-element_type=\"widget\" data-widget_type=\"heading.default\">\n\t\t\t\t<div class=\"elementor-widget-container\">\n\t\t\t\t\t<h4 class=\"elementor-heading-title elementor-size-default\">Re\u0301sume\u0301 de l\u2019unite\u0301<\/h4>\t\t\t\t<\/div>\n\t\t\t\t<\/div>\n\t\t\t\t<div class=\"elementor-element elementor-element-d453e4c elementor-widget elementor-widget-text-editor\" data-id=\"d453e4c\" data-element_type=\"widget\" data-widget_type=\"text-editor.default\">\n\t\t\t\t<div class=\"elementor-widget-container\">\n\t\t\t\t\t\t\t\t\t<ul>\n \t<li>Cr\u00e9ation d\u2019une image Pencil Vs Camera<\/li>\n \t<li>Sur quoi repose notre perception de la beaute\u0301 et de la cre\u0301ativite\u0301?<\/li>\n \t<li>Comment l\u2019ide\u0301al de la beaute\u0301 influence-t-il la vie de tous les jours?<\/li>\n \t<li>En quoi les arts mettent-ils en question nos perspectives sur la culture tout en les refle\u0301tant?<\/li>\n<\/ul>\t\t\t\t\t\t\t\t<\/div>\n\t\t\t\t<\/div>\n\t\t\t\t<div class=\"elementor-element elementor-element-7454719 elementor-widget elementor-widget-heading\" data-id=\"7454719\" data-element_type=\"widget\" data-widget_type=\"heading.default\">\n\t\t\t\t<div class=\"elementor-widget-container\">\n\t\t\t\t\t<h4 class=\"elementor-heading-title elementor-size-default\">Cr\u00e9ation d\u2019un projet Pencil Vs Camera<\/h4>\t\t\t\t<\/div>\n\t\t\t\t<\/div>\n\t\t\t\t<div class=\"elementor-element elementor-element-a910521 elementor-widget elementor-widget-text-editor\" data-id=\"a910521\" data-element_type=\"widget\" data-widget_type=\"text-editor.default\">\n\t\t\t\t<div class=\"elementor-widget-container\">\n\t\t\t\t\t\t\t\t\t<ul><li>Inspirer de l\u2019\u0153uvre de Ben Heine<\/li><li>Juxtaposer deux ide\u0301es diffe\u0301renteset changer la re\u0301alite\u0301 dans la photo<\/li><li>Choisir un the\u0300me contemporain\/philosophique {l\u2019environnement, les droits de l\u2019homme, la science et la technologie, la que\u0302te de soi, la vie contemporaine, la famille et la communaute\u0301, le beau\u2026autres}<\/li><li>Pre\u0301senter sa cre\u0301ation a\u0300 la classe (3 minutes)<\/li><li>Re\u0301pondre aux questions spontane\u0301es pose\u0301es par le prof et les e\u0301le\u0300ves<\/li><li>Photographier (en noir et blanc ou en couleur) la photo doit e\u0302tre originale<\/li><li>Dessiner au crayon ou au bic (en noir et blanc ou en couleur)<\/li><li>Raconter une histoire re\u0301elle ou imaginaire \u2013 faire preuve de cre\u0301ativite\u0301<\/li><li>Employer un vocabulaire riche et approprie\u0301<\/li><\/ul>\t\t\t\t\t\t\t\t<\/div>\n\t\t\t\t<\/div>\n\t\t\t\t<div class=\"elementor-element elementor-element-368ad9d elementor-widget elementor-widget-heading\" data-id=\"368ad9d\" data-element_type=\"widget\" data-widget_type=\"heading.default\">\n\t\t\t\t<div class=\"elementor-widget-container\">\n\t\t\t\t\t<h4 class=\"elementor-heading-title elementor-size-default\">Ecrit<\/h4>\t\t\t\t<\/div>\n\t\t\t\t<\/div>\n\t\t\t\t<div class=\"elementor-element elementor-element-6c7e1de elementor-widget elementor-widget-text-editor\" data-id=\"6c7e1de\" data-element_type=\"widget\" data-widget_type=\"text-editor.default\">\n\t\t\t\t<div class=\"elementor-widget-container\">\n\t\t\t\t\t\t\t\t\t<ul>\n \t<li>Communiquer et e\u0301changer des renseignements, opinions et ide\u0301es<\/li>\n \t<li>Poser des questions pour comprendre\/obtenir des renseignements<\/li>\n \t<li>Initier et soutenir la conversation)<\/li>\n \t<li>Utiliser une grande varie\u0301te\u0301 de vocabulaire et d\u2019expressions idiomatiques<\/li>\n<\/ul>\t\t\t\t\t\t\t\t<\/div>\n\t\t\t\t<\/div>\n\t\t\t\t\t<\/div>\n\t\t<\/div>\n\t\t\t\t<div class=\"elementor-column elementor-col-50 elementor-top-column elementor-element elementor-element-2eee16f\" data-id=\"2eee16f\" data-element_type=\"column\">\n\t\t\t<div class=\"elementor-widget-wrap elementor-element-populated\">\n\t\t\t\t\t\t<div class=\"elementor-element elementor-element-2fc2b78 elementor-widget elementor-widget-heading\" data-id=\"2fc2b78\" data-element_type=\"widget\" data-widget_type=\"heading.default\">\n\t\t\t\t<div class=\"elementor-widget-container\">\n\t\t\t\t\t<h4 class=\"elementor-heading-title elementor-size-default\">Buts pour l\u2019e\u0301le\u0300ve<\/h4>\t\t\t\t<\/div>\n\t\t\t\t<\/div>\n\t\t\t\t<div class=\"elementor-element elementor-element-668254c elementor-widget elementor-widget-text-editor\" data-id=\"668254c\" data-element_type=\"widget\" data-widget_type=\"text-editor.default\">\n\t\t\t\t<div class=\"elementor-widget-container\">\n\t\t\t\t\t\t\t\t\t<ul><li>Etre capable d\u2019identifier et d\u2019analyser l\u2019\u0153uvre de Ben Heine<\/li><li>Comprendre les textes e\u0301crits et les sources audio en rapport avec l\u2019art<\/li><li>Apprendre l\u2019importance\/le ro\u0302le de l\u2019art visuel en Belgique tout en le comparant a\u0300 l\u2019art dans leur communaute\u0301<\/li><li>Cre\u0301er une \u0153uvre inspire\u0301e par les cre\u0301ations de Ben Heine et en faire une pre\u0301sentation orale a\u0300 la classe<\/li><\/ul>\t\t\t\t\t\t\t\t<\/div>\n\t\t\t\t<\/div>\n\t\t\t\t<div class=\"elementor-element elementor-element-cf8fd30 elementor-widget elementor-widget-heading\" data-id=\"cf8fd30\" data-element_type=\"widget\" data-widget_type=\"heading.default\">\n\t\t\t\t<div class=\"elementor-widget-container\">\n\t\t\t\t\t<h4 class=\"elementor-heading-title elementor-size-default\">Lecture<\/h4>\t\t\t\t<\/div>\n\t\t\t\t<\/div>\n\t\t\t\t<div class=\"elementor-element elementor-element-3557953 elementor-widget elementor-widget-text-editor\" data-id=\"3557953\" data-element_type=\"widget\" data-widget_type=\"text-editor.default\">\n\t\t\t\t<div class=\"elementor-widget-container\">\n\t\t\t\t\t\t\t\t\t<ul><li>Comprendre le message de l\u2019article\/de l\u2019auteur<\/li><li>Examiner, comparer et de\u0301montrer la pense\u0301e critique<\/li><li>De\u0301montrer une connaissance du vocabulaire et d\u2019expressions<\/li><\/ul>\t\t\t\t\t\t\t\t<\/div>\n\t\t\t\t<\/div>\n\t\t\t\t<div class=\"elementor-element elementor-element-d3928e5 elementor-widget elementor-widget-heading\" data-id=\"d3928e5\" data-element_type=\"widget\" data-widget_type=\"heading.default\">\n\t\t\t\t<div class=\"elementor-widget-container\">\n\t\t\t\t\t<h4 class=\"elementor-heading-title elementor-size-default\">Ecoute<\/h4>\t\t\t\t<\/div>\n\t\t\t\t<\/div>\n\t\t\t\t<div class=\"elementor-element elementor-element-373a85a elementor-widget elementor-widget-text-editor\" data-id=\"373a85a\" data-element_type=\"widget\" data-widget_type=\"text-editor.default\">\n\t\t\t\t<div class=\"elementor-widget-container\">\n\t\t\t\t\t\t\t\t\t<ul>\n \t<li>De\u0301montrer une connaissance de la culture<\/li>\n \t<li>Comprendre le message ou le point de vue de l\u2019auteur<\/li>\n \t<li>De\u0301montrer la lecture critique dans un contexte culturel<\/li>\n \t<li>Comprendre le contexte et \u00e9couter de fac\u0327on critique<\/li>\n<\/ul>\t\t\t\t\t\t\t\t<\/div>\n\t\t\t\t<\/div>\n\t\t\t\t<div class=\"elementor-element elementor-element-357fdba elementor-widget elementor-widget-heading\" data-id=\"357fdba\" data-element_type=\"widget\" data-widget_type=\"heading.default\">\n\t\t\t\t<div class=\"elementor-widget-container\">\n\t\t\t\t\t<h4 class=\"elementor-heading-title elementor-size-default\">Oral<\/h4>\t\t\t\t<\/div>\n\t\t\t\t<\/div>\n\t\t\t\t<div class=\"elementor-element elementor-element-11eca02 elementor-widget elementor-widget-text-editor\" data-id=\"11eca02\" data-element_type=\"widget\" data-widget_type=\"text-editor.default\">\n\t\t\t\t<div class=\"elementor-widget-container\">\n\t\t\t\t\t\t\t\t\t<ul>\n \t<li>Communiquer et e\u0301changer des renseignements, opinions et ide\u0301es<\/li>\n \t<li>Poser des questions pour comprendre\/obtenir des renseignements<\/li>\n \t<li>Initier et soutenir la conversation et de\u0301montrer une connaissance culturelle<\/li>\n \t<li>Comprendre et utiliser le vocabulaire et les expressions culturelles<\/li>\n<\/ul>\t\t\t\t\t\t\t\t<\/div>\n\t\t\t\t<\/div>\n\t\t\t\t\t<\/div>\n\t\t<\/div>\n\t\t\t\t\t<\/div>\n\t\t<\/section>\n\t\t\t\t<section class=\"elementor-section elementor-top-section elementor-element elementor-element-1c70ae7 elementor-section-boxed elementor-section-height-default elementor-section-height-default\" data-id=\"1c70ae7\" data-element_type=\"section\">\n\t\t\t\t\t\t<div class=\"elementor-container elementor-column-gap-default\">\n\t\t\t\t\t<div class=\"elementor-column elementor-col-100 elementor-top-column elementor-element elementor-element-fe625fd\" data-id=\"fe625fd\" data-element_type=\"column\">\n\t\t\t<div class=\"elementor-widget-wrap elementor-element-populated\">\n\t\t\t\t\t\t<div class=\"elementor-element elementor-element-97a0ea1 elementor-widget elementor-widget-image\" data-id=\"97a0ea1\" data-element_type=\"widget\" data-widget_type=\"image.default\">\n\t\t\t\t<div class=\"elementor-widget-container\">\n\t\t\t\t\t\t\t\t\t\t\t\t\t\t\t<img loading=\"lazy\" decoding=\"async\" width=\"1300\" height=\"867\" src=\"https:\/\/benheine.com\/wp-content\/uploads\/2024\/02\/FTD-Educacao-Brazil-ben-heine-School-Pencil-Vs-Camera-2.jpg\" class=\"attachment-full size-full wp-image-27908\" alt=\"\" srcset=\"https:\/\/benheine.com\/wp-content\/uploads\/2024\/02\/FTD-Educacao-Brazil-ben-heine-School-Pencil-Vs-Camera-2.jpg 1300w, https:\/\/benheine.com\/wp-content\/uploads\/2024\/02\/FTD-Educacao-Brazil-ben-heine-School-Pencil-Vs-Camera-2-300x200.jpg 300w, https:\/\/benheine.com\/wp-content\/uploads\/2024\/02\/FTD-Educacao-Brazil-ben-heine-School-Pencil-Vs-Camera-2-1024x683.jpg 1024w, https:\/\/benheine.com\/wp-content\/uploads\/2024\/02\/FTD-Educacao-Brazil-ben-heine-School-Pencil-Vs-Camera-2-768x512.jpg 768w, https:\/\/benheine.com\/wp-content\/uploads\/2024\/02\/FTD-Educacao-Brazil-ben-heine-School-Pencil-Vs-Camera-2-600x400.jpg 600w\" sizes=\"(max-width: 1300px) 100vw, 1300px\" \/>\t\t\t\t\t\t\t\t\t\t\t\t\t\t\t<\/div>\n\t\t\t\t<\/div>\n\t\t\t\t<div class=\"elementor-element elementor-element-95e9a5f elementor-widget elementor-widget-image\" data-id=\"95e9a5f\" data-element_type=\"widget\" data-widget_type=\"image.default\">\n\t\t\t\t<div class=\"elementor-widget-container\">\n\t\t\t\t\t\t\t\t\t\t\t\t\t\t\t<img loading=\"lazy\" decoding=\"async\" width=\"1400\" height=\"680\" src=\"https:\/\/benheine.com\/wp-content\/uploads\/2023\/11\/Pencil-Vs-Camera-header-copie.jpg\" class=\"attachment-full size-full wp-image-25698\" alt=\"\" srcset=\"https:\/\/benheine.com\/wp-content\/uploads\/2023\/11\/Pencil-Vs-Camera-header-copie.jpg 1400w, https:\/\/benheine.com\/wp-content\/uploads\/2023\/11\/Pencil-Vs-Camera-header-copie-300x146.jpg 300w, https:\/\/benheine.com\/wp-content\/uploads\/2023\/11\/Pencil-Vs-Camera-header-copie-1024x497.jpg 1024w, https:\/\/benheine.com\/wp-content\/uploads\/2023\/11\/Pencil-Vs-Camera-header-copie-768x373.jpg 768w\" sizes=\"(max-width: 1400px) 100vw, 1400px\" \/>\t\t\t\t\t\t\t\t\t\t\t\t\t\t\t<\/div>\n\t\t\t\t<\/div>\n\t\t\t\t\t<\/div>\n\t\t<\/div>\n\t\t\t\t\t<\/div>\n\t\t<\/section>\n\t\t\t\t<\/div>\n\t\t<div class=\"clearfix\"><\/div>","protected":false},"excerpt":{"rendered":"<p>Pencil Vs Camera \u00e0 l&rsquo;\u00e9cole Cette page sert d\u2019inspiration aux professeurs et aux \u00e9coles. Ben Heine propose des ressources p\u00e9dagogiques gratuites et\u00a0payantes\u00a0disponibles&#8230;<\/p>\n","protected":false},"author":1,"featured_media":0,"parent":0,"menu_order":82,"comment_status":"closed","ping_status":"closed","template":"elementor_header_footer","meta":{"_acf_changed":false,"footnotes":""},"class_list":["post-6088","page","type-page","status-publish","hentry"],"acf":[],"yoast_head":"<!-- This site is optimized with the Yoast SEO plugin v26.6 - https:\/\/yoast.com\/wordpress\/plugins\/seo\/ -->\n<title>Pencil Vs Camera \u00e0 l&#039;\u00e9cole - Ben Heine Art &amp; Music<\/title>\n<meta name=\"description\" content=\"Depuis 2013, le concept Pencil Vs Camera de Ben Heine est devenu populaire au niveau mondial chez les \u00e9l\u00e8ves du primaire et du secondaire et particuli\u00e8rement en France et en Angleterre. Heine a rapidement \u00e9t\u00e9 contact\u00e9 par des \u00e9coles et professeurs lui demandant d&#039;enseigner son concept.\" \/>\n<meta name=\"robots\" content=\"index, follow, max-snippet:-1, max-image-preview:large, max-video-preview:-1\" \/>\n<link rel=\"canonical\" href=\"https:\/\/benheine.com\/fr\/pencil-vs-camera-a-lecole\/\" \/>\n<meta property=\"og:locale\" content=\"fr_FR\" \/>\n<meta property=\"og:type\" content=\"article\" \/>\n<meta property=\"og:title\" content=\"Pencil Vs Camera \u00e0 l&#039;\u00e9cole - Ben Heine Art &amp; Music\" \/>\n<meta property=\"og:description\" content=\"Depuis 2013, le concept Pencil Vs Camera de Ben Heine est devenu populaire au niveau mondial chez les \u00e9l\u00e8ves du primaire et du secondaire et particuli\u00e8rement en France et en Angleterre. Heine a rapidement \u00e9t\u00e9 contact\u00e9 par des \u00e9coles et professeurs lui demandant d&#039;enseigner son concept.\" \/>\n<meta property=\"og:url\" content=\"https:\/\/benheine.com\/fr\/pencil-vs-camera-a-lecole\/\" \/>\n<meta property=\"og:site_name\" content=\"BenHeine, votre dose quotidienne d&#039;actualit\u00e9s Art et Tech\" \/>\n<meta property=\"article:modified_time\" content=\"2026-03-26T05:23:20+00:00\" \/>\n<meta property=\"og:image\" content=\"https:\/\/benheine.com\/wp-content\/uploads\/2024\/04\/Harnessing-Creativity-in-Education-The-Power-of-Ben-Heine-Pencil-Vs-Camera-Concept-in-Schools-Art-Workshops-Lesson-plan-4-e1713319205817.jpeg\" \/>\n\t<meta property=\"og:image:width\" content=\"1000\" \/>\n\t<meta property=\"og:image:height\" content=\"565\" \/>\n\t<meta property=\"og:image:type\" content=\"image\/jpeg\" \/>\n<meta name=\"twitter:card\" content=\"summary_large_image\" \/>\n<meta name=\"twitter:label1\" content=\"Dur\u00e9e de lecture estim\u00e9e\" \/>\n\t<meta name=\"twitter:data1\" content=\"18 minutes\" \/>\n<script type=\"application\/ld+json\" class=\"yoast-schema-graph\">{\"@context\":\"https:\/\/schema.org\",\"@graph\":[{\"@type\":\"WebPage\",\"@id\":\"https:\/\/benheine.com\/fr\/pencil-vs-camera-a-lecole\/\",\"url\":\"https:\/\/benheine.com\/fr\/pencil-vs-camera-a-lecole\/\",\"name\":\"Pencil Vs Camera \u00e0 l'\u00e9cole - Ben Heine Art & Music\",\"isPartOf\":{\"@id\":\"https:\/\/benheine.com\/#website\"},\"primaryImageOfPage\":{\"@id\":\"https:\/\/benheine.com\/fr\/pencil-vs-camera-a-lecole\/#primaryimage\"},\"image\":{\"@id\":\"https:\/\/benheine.com\/fr\/pencil-vs-camera-a-lecole\/#primaryimage\"},\"thumbnailUrl\":\"https:\/\/benheine.com\/wp-content\/uploads\/2024\/04\/Harnessing-Creativity-in-Education-The-Power-of-Ben-Heine-Pencil-Vs-Camera-Concept-in-Schools-Art-Workshops-Lesson-plan-4-e1713319205817.jpeg\",\"datePublished\":\"2018-04-02T08:39:55+00:00\",\"dateModified\":\"2026-03-26T05:23:20+00:00\",\"description\":\"Depuis 2013, le concept Pencil Vs Camera de Ben Heine est devenu populaire au niveau mondial chez les \u00e9l\u00e8ves du primaire et du secondaire et particuli\u00e8rement en France et en Angleterre. Heine a rapidement \u00e9t\u00e9 contact\u00e9 par des \u00e9coles et professeurs lui demandant d'enseigner son concept.\",\"breadcrumb\":{\"@id\":\"https:\/\/benheine.com\/fr\/pencil-vs-camera-a-lecole\/#breadcrumb\"},\"inLanguage\":\"fr-FR\",\"potentialAction\":[{\"@type\":\"ReadAction\",\"target\":[\"https:\/\/benheine.com\/fr\/pencil-vs-camera-a-lecole\/\"]}]},{\"@type\":\"ImageObject\",\"inLanguage\":\"fr-FR\",\"@id\":\"https:\/\/benheine.com\/fr\/pencil-vs-camera-a-lecole\/#primaryimage\",\"url\":\"https:\/\/benheine.com\/wp-content\/uploads\/2024\/04\/Harnessing-Creativity-in-Education-The-Power-of-Ben-Heine-Pencil-Vs-Camera-Concept-in-Schools-Art-Workshops-Lesson-plan-4-e1713319205817.jpeg\",\"contentUrl\":\"https:\/\/benheine.com\/wp-content\/uploads\/2024\/04\/Harnessing-Creativity-in-Education-The-Power-of-Ben-Heine-Pencil-Vs-Camera-Concept-in-Schools-Art-Workshops-Lesson-plan-4-e1713319205817.jpeg\"},{\"@type\":\"BreadcrumbList\",\"@id\":\"https:\/\/benheine.com\/fr\/pencil-vs-camera-a-lecole\/#breadcrumb\",\"itemListElement\":[{\"@type\":\"ListItem\",\"position\":1,\"name\":\"Home\",\"item\":\"https:\/\/benheine.com\/fr\/\"},{\"@type\":\"ListItem\",\"position\":2,\"name\":\"Pencil Vs Camera \u00e0 l&#8217;\u00e9cole\"}]},{\"@type\":\"WebSite\",\"@id\":\"https:\/\/benheine.com\/#website\",\"url\":\"https:\/\/benheine.com\/\",\"name\":\"BenHeine, votre dose quotidienne d&#039;actualit\u00e9s Art et Tech\",\"description\":\"Retrouvez ici des actualit\u00e9s Art et Tech mais aussi des articles informatifs et des conseils sur l&#039;art, l&#039;intelligence artificielle, la cr\u00e9ation de contenu, l&#039;e-marketing, la productivit\u00e9, l&#039;entreprenariat, la conception web, l&#039;\u00e9ducation, la musique, la peinture, la photographie, la vid\u00e9o, la finance et bien plus encore.\",\"potentialAction\":[{\"@type\":\"SearchAction\",\"target\":{\"@type\":\"EntryPoint\",\"urlTemplate\":\"https:\/\/benheine.com\/?s={search_term_string}\"},\"query-input\":{\"@type\":\"PropertyValueSpecification\",\"valueRequired\":true,\"valueName\":\"search_term_string\"}}],\"inLanguage\":\"fr-FR\"}]}<\/script>\n<!-- \/ Yoast SEO plugin. -->","yoast_head_json":{"title":"Pencil Vs Camera \u00e0 l'\u00e9cole - Ben Heine Art & Music","description":"Depuis 2013, le concept Pencil Vs Camera de Ben Heine est devenu populaire au niveau mondial chez les \u00e9l\u00e8ves du primaire et du secondaire et particuli\u00e8rement en France et en Angleterre. Heine a rapidement \u00e9t\u00e9 contact\u00e9 par des \u00e9coles et professeurs lui demandant d'enseigner son concept.","robots":{"index":"index","follow":"follow","max-snippet":"max-snippet:-1","max-image-preview":"max-image-preview:large","max-video-preview":"max-video-preview:-1"},"canonical":"https:\/\/benheine.com\/fr\/pencil-vs-camera-a-lecole\/","og_locale":"fr_FR","og_type":"article","og_title":"Pencil Vs Camera \u00e0 l'\u00e9cole - Ben Heine Art & Music","og_description":"Depuis 2013, le concept Pencil Vs Camera de Ben Heine est devenu populaire au niveau mondial chez les \u00e9l\u00e8ves du primaire et du secondaire et particuli\u00e8rement en France et en Angleterre. Heine a rapidement \u00e9t\u00e9 contact\u00e9 par des \u00e9coles et professeurs lui demandant d'enseigner son concept.","og_url":"https:\/\/benheine.com\/fr\/pencil-vs-camera-a-lecole\/","og_site_name":"BenHeine, votre dose quotidienne d&#039;actualit\u00e9s Art et Tech","article_modified_time":"2026-03-26T05:23:20+00:00","og_image":[{"width":1000,"height":565,"url":"https:\/\/benheine.com\/wp-content\/uploads\/2024\/04\/Harnessing-Creativity-in-Education-The-Power-of-Ben-Heine-Pencil-Vs-Camera-Concept-in-Schools-Art-Workshops-Lesson-plan-4-e1713319205817.jpeg","type":"image\/jpeg"}],"twitter_card":"summary_large_image","twitter_misc":{"Dur\u00e9e de lecture estim\u00e9e":"18 minutes"},"schema":{"@context":"https:\/\/schema.org","@graph":[{"@type":"WebPage","@id":"https:\/\/benheine.com\/fr\/pencil-vs-camera-a-lecole\/","url":"https:\/\/benheine.com\/fr\/pencil-vs-camera-a-lecole\/","name":"Pencil Vs Camera \u00e0 l'\u00e9cole - Ben Heine Art & Music","isPartOf":{"@id":"https:\/\/benheine.com\/#website"},"primaryImageOfPage":{"@id":"https:\/\/benheine.com\/fr\/pencil-vs-camera-a-lecole\/#primaryimage"},"image":{"@id":"https:\/\/benheine.com\/fr\/pencil-vs-camera-a-lecole\/#primaryimage"},"thumbnailUrl":"https:\/\/benheine.com\/wp-content\/uploads\/2024\/04\/Harnessing-Creativity-in-Education-The-Power-of-Ben-Heine-Pencil-Vs-Camera-Concept-in-Schools-Art-Workshops-Lesson-plan-4-e1713319205817.jpeg","datePublished":"2018-04-02T08:39:55+00:00","dateModified":"2026-03-26T05:23:20+00:00","description":"Depuis 2013, le concept Pencil Vs Camera de Ben Heine est devenu populaire au niveau mondial chez les \u00e9l\u00e8ves du primaire et du secondaire et particuli\u00e8rement en France et en Angleterre. Heine a rapidement \u00e9t\u00e9 contact\u00e9 par des \u00e9coles et professeurs lui demandant d'enseigner son concept.","breadcrumb":{"@id":"https:\/\/benheine.com\/fr\/pencil-vs-camera-a-lecole\/#breadcrumb"},"inLanguage":"fr-FR","potentialAction":[{"@type":"ReadAction","target":["https:\/\/benheine.com\/fr\/pencil-vs-camera-a-lecole\/"]}]},{"@type":"ImageObject","inLanguage":"fr-FR","@id":"https:\/\/benheine.com\/fr\/pencil-vs-camera-a-lecole\/#primaryimage","url":"https:\/\/benheine.com\/wp-content\/uploads\/2024\/04\/Harnessing-Creativity-in-Education-The-Power-of-Ben-Heine-Pencil-Vs-Camera-Concept-in-Schools-Art-Workshops-Lesson-plan-4-e1713319205817.jpeg","contentUrl":"https:\/\/benheine.com\/wp-content\/uploads\/2024\/04\/Harnessing-Creativity-in-Education-The-Power-of-Ben-Heine-Pencil-Vs-Camera-Concept-in-Schools-Art-Workshops-Lesson-plan-4-e1713319205817.jpeg"},{"@type":"BreadcrumbList","@id":"https:\/\/benheine.com\/fr\/pencil-vs-camera-a-lecole\/#breadcrumb","itemListElement":[{"@type":"ListItem","position":1,"name":"Home","item":"https:\/\/benheine.com\/fr\/"},{"@type":"ListItem","position":2,"name":"Pencil Vs Camera \u00e0 l&#8217;\u00e9cole"}]},{"@type":"WebSite","@id":"https:\/\/benheine.com\/#website","url":"https:\/\/benheine.com\/","name":"BenHeine, votre dose quotidienne d&#039;actualit\u00e9s Art et Tech","description":"Retrouvez ici des actualit\u00e9s Art et Tech mais aussi des articles informatifs et des conseils sur l&#039;art, l&#039;intelligence artificielle, la cr\u00e9ation de contenu, l&#039;e-marketing, la productivit\u00e9, l&#039;entreprenariat, la conception web, l&#039;\u00e9ducation, la musique, la peinture, la photographie, la vid\u00e9o, la finance et bien plus encore.","potentialAction":[{"@type":"SearchAction","target":{"@type":"EntryPoint","urlTemplate":"https:\/\/benheine.com\/?s={search_term_string}"},"query-input":{"@type":"PropertyValueSpecification","valueRequired":true,"valueName":"search_term_string"}}],"inLanguage":"fr-FR"}]}},"_links":{"self":[{"href":"https:\/\/benheine.com\/fr\/wp-json\/wp\/v2\/pages\/6088","targetHints":{"allow":["GET"]}}],"collection":[{"href":"https:\/\/benheine.com\/fr\/wp-json\/wp\/v2\/pages"}],"about":[{"href":"https:\/\/benheine.com\/fr\/wp-json\/wp\/v2\/types\/page"}],"author":[{"embeddable":true,"href":"https:\/\/benheine.com\/fr\/wp-json\/wp\/v2\/users\/1"}],"replies":[{"embeddable":true,"href":"https:\/\/benheine.com\/fr\/wp-json\/wp\/v2\/comments?post=6088"}],"version-history":[{"count":187,"href":"https:\/\/benheine.com\/fr\/wp-json\/wp\/v2\/pages\/6088\/revisions"}],"predecessor-version":[{"id":34165,"href":"https:\/\/benheine.com\/fr\/wp-json\/wp\/v2\/pages\/6088\/revisions\/34165"}],"wp:attachment":[{"href":"https:\/\/benheine.com\/fr\/wp-json\/wp\/v2\/media?parent=6088"}],"curies":[{"name":"wp","href":"https:\/\/api.w.org\/{rel}","templated":true}]}}